{"id":6583,"date":"2024-02-11T14:04:16","date_gmt":"2024-02-11T13:04:16","guid":{"rendered":"https:\/\/www.la-chirurgie-esthetique-maroc.com\/precios-lifting-facial-marruecos-comparar-precios-con-tunez\/"},"modified":"2024-02-22T13:27:23","modified_gmt":"2024-02-22T12:27:23","slug":"lifting-facial","status":"publish","type":"page","link":"https:\/\/www.la-chirurgie-esthetique-maroc.com\/es\/lifting-facial\/","title":{"rendered":"Precios lifting facial Marruecos : comparar precios con T\u00fanez"},"content":{"rendered":"\t\t<div data-elementor-type=\"wp-page\" data-elementor-id=\"6583\" class=\"elementor elementor-6583 elementor-22\">\n\t\t\t\t\t\t<section class=\"elementor-section elementor-top-section elementor-element elementor-element-f3c78f2 elementor-section-boxed elementor-section-height-default elementor-section-height-default\" data-id=\"f3c78f2\" data-element_type=\"section\">\n\t\t\t\t\t\t<div class=\"elementor-container elementor-column-gap-default\">\n\t\t\t\t\t<div class=\"elementor-column elementor-col-66 elementor-top-column elementor-element elementor-element-534944b\" data-id=\"534944b\" data-element_type=\"column\">\n\t\t\t<div class=\"elementor-widget-wrap elementor-element-populated\">\n\t\t\t\t\t\t<div class=\"elementor-element elementor-element-3a44d09 elementor-widget elementor-widget-text-editor\" data-id=\"3a44d09\" data-element_type=\"widget\" data-widget_type=\"text-editor.default\">\n\t\t\t\t<div class=\"elementor-widget-container\">\n\t\t\t\t\t\t\t\u00bfBusca el <strong>precio de un lifting facial en Marruecos <\/strong>? Nuestra cl\u00ednica le ofrece las <strong>tarifas m\u00e1s econ\u00f3micas<\/strong> para un lifting facial de <strong>5 noches y 6 d\u00edas en T\u00fanez<\/strong>. Compare T\u00fanez y Marruecos para su operaci\u00f3n de lifting facial. Nuestras tarifas son las mejores en t\u00e9rminos de relaci\u00f3n calidad-precio para satisfacer a nuestros pacientes. Solicite su <strong>presupuesto gratuito<\/strong> para tener m\u00e1s detalles sobre su operaci\u00f3n de lifting facial en T\u00fanez.\n<table class=\"table_home interne\">\n<thead>\n<tr>\n<th>Intervenciones<\/th>\n<th>Precio Marruecos<\/th>\n<th>Estancia en Marruecos<\/th>\n<th>Precio T\u00fanez<\/th>\n<th>Estancia T\u00fanez<\/th>\n<\/tr>\n<\/thead>\n<tbody>\n<tr>\n<td class=\"column-1\">lifting frontal<\/td>\n<td class=\"column-2\">4400\u20ac<\/td>\n<td class=\"column-3\">7 noches y 8 d\u00edas<\/td>\n<td class=\"column-4\">2100 \u20ac<\/td>\n<td class=\"column-5\">5 noches y 6 d\u00edas<\/td>\n<\/tr>\n<tr>\n<td class=\"column-1\">Elevaci\u00f3n temporomalar<\/td>\n<td class=\"column-2\">&#8211;<\/td>\n<td class=\"column-3\">&#8211;<\/td>\n<td class=\"column-4\">2100 \u20ac<\/td>\n<td class=\"column-5\">5 noches y 6 d\u00edas<\/td>\n<\/tr>\n<tr class=\"row-4 even\">\n<td class=\"column-1\">Lifting cervicofacial<\/td>\n<td class=\"column-2\">3100\u20ac<\/td>\n<td class=\"column-3\">7 noches y 8 d\u00edas<\/td>\n<td class=\"column-4\">2950 \u20ac<\/td>\n<td class=\"column-5\">5 noches y 6 d\u00edas<\/td>\n<\/tr>\n<\/tbody>\n<\/table>\t\t\t\t\t\t<\/div>\n\t\t\t\t<\/div>\n\t\t\t\t\t<\/div>\n\t\t<\/div>\n\t\t\t\t<div class=\"elementor-column elementor-col-33 elementor-top-column elementor-element elementor-element-c0f896c\" data-id=\"c0f896c\" data-element_type=\"column\">\n\t\t\t<div class=\"elementor-widget-wrap elementor-element-populated\">\n\t\t\t\t\t\t<div class=\"elementor-element elementor-element-2699e2f img_shadow elementor-widget elementor-widget-image\" data-id=\"2699e2f\" data-element_type=\"widget\" data-widget_type=\"image.default\">\n\t\t\t\t<div class=\"elementor-widget-container\">\n\t\t\t\t\t\t\t\t\t\t\t\t\t<img fetchpriority=\"high\" decoding=\"async\" width=\"408\" height=\"333\" src=\"https:\/\/www.la-chirurgie-esthetique-maroc.com\/wp-content\/uploads\/2022\/01\/prix-lifting-visage-tunisie.jpg\" class=\"attachment-large size-large wp-image-6419\" alt=\"\" srcset=\"https:\/\/www.la-chirurgie-esthetique-maroc.com\/wp-content\/uploads\/2022\/01\/prix-lifting-visage-tunisie.jpg 408w, https:\/\/www.la-chirurgie-esthetique-maroc.com\/wp-content\/uploads\/2022\/01\/prix-lifting-visage-tunisie-300x245.jpg 300w\" sizes=\"(max-width: 408px) 100vw, 408px\" \/>\t\t\t\t\t\t\t\t\t\t\t\t\t<\/div>\n\t\t\t\t<\/div>\n\t\t\t\t\t<\/div>\n\t\t<\/div>\n\t\t\t\t\t<\/div>\n\t\t<\/section>\n\t\t\t\t<section class=\"elementor-section elementor-top-section elementor-element elementor-element-652803c elementor-section-boxed elementor-section-height-default elementor-section-height-default\" data-id=\"652803c\" data-element_type=\"section\">\n\t\t\t\t\t\t<div class=\"elementor-container elementor-column-gap-default\">\n\t\t\t\t\t<div class=\"elementor-column elementor-col-66 elementor-top-column elementor-element elementor-element-5a04235\" data-id=\"5a04235\" data-element_type=\"column\">\n\t\t\t<div class=\"elementor-widget-wrap elementor-element-populated\">\n\t\t\t\t\t\t<div class=\"elementor-element elementor-element-0812ab1 elementor-widget elementor-widget-text-editor\" data-id=\"0812ab1\" data-element_type=\"widget\" data-widget_type=\"text-editor.default\">\n\t\t\t\t<div class=\"elementor-widget-container\">\n\t\t\t\t\t\t\t<h2>Presupuesto expr\u00e9s gratuito<\/h2>\n<style>\r\n.align_center {\r\n    display: block;\r\n    text-align: center;\r\n    padding: 30px 0px;\r\n}\r\n<\/style>\r\n\r\n<div>\r\n\t<h2 class=\"align_center\">Presupuesto r\u00e1pido gratuito<\/h2>\r\n<iframe src=\"https:\/\/app.metocrm.com\/web-forms\/e1cab5bd-ef56-4a37-aa71-4857d931f368\"  height=\"800px\" width=\"100%\"  frameborder=\"0\" style=\"border-radius: 10px;\"><\/iframe>\r\n\r\n<\/div>\t\t\t\t\t\t<\/div>\n\t\t\t\t<\/div>\n\t\t\t\t\t<\/div>\n\t\t<\/div>\n\t\t\t\t<div class=\"elementor-column elementor-col-33 elementor-top-column elementor-element elementor-element-dfbacdc\" data-id=\"dfbacdc\" data-element_type=\"column\">\n\t\t\t<div class=\"elementor-widget-wrap elementor-element-populated\">\n\t\t\t\t\t\t<div class=\"elementor-element elementor-element-d6a7076 elementor-widget elementor-widget-image\" data-id=\"d6a7076\" data-element_type=\"widget\" data-widget_type=\"image.default\">\n\t\t\t\t<div class=\"elementor-widget-container\">\n\t\t\t\t\t\t\t\t\t\t\t\t\t<img decoding=\"async\" width=\"508\" height=\"554\" src=\"https:\/\/www.la-chirurgie-esthetique-maroc.com\/wp-content\/uploads\/2022\/01\/la-chirurgie-esthetique-maroc_devis-1.webp\" class=\"attachment-large size-large wp-image-6422\" alt=\"\" srcset=\"https:\/\/www.la-chirurgie-esthetique-maroc.com\/wp-content\/uploads\/2022\/01\/la-chirurgie-esthetique-maroc_devis-1.webp 508w, https:\/\/www.la-chirurgie-esthetique-maroc.com\/wp-content\/uploads\/2022\/01\/la-chirurgie-esthetique-maroc_devis-1-275x300.webp 275w\" sizes=\"(max-width: 508px) 100vw, 508px\" \/>\t\t\t\t\t\t\t\t\t\t\t\t\t<\/div>\n\t\t\t\t<\/div>\n\t\t\t\t\t<\/div>\n\t\t<\/div>\n\t\t\t\t\t<\/div>\n\t\t<\/section>\n\t\t\t\t<section class=\"elementor-section elementor-top-section elementor-element elementor-element-4945350 elementor-section-boxed elementor-section-height-default elementor-section-height-default\" data-id=\"4945350\" data-element_type=\"section\">\n\t\t\t\t\t\t<div class=\"elementor-container elementor-column-gap-default\">\n\t\t\t\t\t<div class=\"elementor-column elementor-col-100 elementor-top-column elementor-element elementor-element-af2f9de align_content_center\" data-id=\"af2f9de\" data-element_type=\"column\">\n\t\t\t<div class=\"elementor-widget-wrap elementor-element-populated\">\n\t\t\t\t\t\t<div class=\"elementor-element elementor-element-79aeacb elementor-widget elementor-widget-text-editor\" data-id=\"79aeacb\" data-element_type=\"widget\" data-widget_type=\"text-editor.default\">\n\t\t\t\t<div class=\"elementor-widget-container\">\n\t\t\t\t\t\t\t\nNuestra cl\u00ednica ha reunido a los mejores facultativos tunecinos para garantizar una intervenci\u00f3n <strong>de lifting facial <\/strong>segura y eficaz. Solicite un presupuesto para obtener toda la informaci\u00f3n sobre nuestro cirujano.\n\nUn <strong>lifting facial<\/strong> correctamente realizado puede hacerle parecer 10 a\u00f1os mayor al contrarrestar dr\u00e1sticamente los signos del envejecimiento.\n\nLas t\u00e9cnicas son cada vez m\u00e1s variadas y pueden realizarse con anestesia local. El lifting facial es una operaci\u00f3n que puede rehacerse tras una alteraci\u00f3n.\t\t\t\t\t\t<\/div>\n\t\t\t\t<\/div>\n\t\t\t\t\t<\/div>\n\t\t<\/div>\n\t\t\t\t\t<\/div>\n\t\t<\/section>\n\t\t\t\t<section class=\"elementor-section elementor-top-section elementor-element elementor-element-8424f5a elementor-section-boxed elementor-section-height-default elementor-section-height-default\" data-id=\"8424f5a\" data-element_type=\"section\">\n\t\t\t\t\t\t<div class=\"elementor-container elementor-column-gap-default\">\n\t\t\t\t\t<div class=\"elementor-column elementor-col-100 elementor-top-column elementor-element elementor-element-5ce0e7f\" data-id=\"5ce0e7f\" data-element_type=\"column\">\n\t\t\t<div class=\"elementor-widget-wrap elementor-element-populated\">\n\t\t\t\t\t\t<div class=\"elementor-element elementor-element-8a05167 center elementor-widget elementor-widget-html\" data-id=\"8a05167\" data-element_type=\"widget\" data-widget_type=\"html.default\">\n\t\t\t\t<div class=\"elementor-widget-container\">\n\t\t\t<div class=\"btn_devis btn_intern\"><a href=\"https:\/\/www.la-chirurgie-esthetique-maroc.com\/es\/cita\/\"><span class=\"min-size-mobile\">Presupuesto gratuito para comparar precios lifting facial Marruecos vs T\u00fanez<\/span><\/a><\/div>\t\t<\/div>\n\t\t\t\t<\/div>\n\t\t\t\t\t<\/div>\n\t\t<\/div>\n\t\t\t\t\t<\/div>\n\t\t<\/section>\n\t\t\t\t<section class=\"elementor-section elementor-top-section elementor-element elementor-element-daec810 elementor-section-boxed elementor-section-height-default elementor-section-height-default\" data-id=\"daec810\" data-element_type=\"section\">\n\t\t\t\t\t\t<div class=\"elementor-container elementor-column-gap-default\">\n\t\t\t\t\t<div class=\"elementor-column elementor-col-100 elementor-top-column elementor-element elementor-element-1679ea6\" data-id=\"1679ea6\" data-element_type=\"column\">\n\t\t\t<div class=\"elementor-widget-wrap elementor-element-populated\">\n\t\t\t\t\t\t<div class=\"elementor-element elementor-element-1529300 elementor-widget elementor-widget-text-editor\" data-id=\"1529300\" data-element_type=\"widget\" data-widget_type=\"text-editor.default\">\n\t\t\t\t<div class=\"elementor-widget-container\">\n\t\t\t\t\t\t\t\n<h2>Endotine : Elevaci\u00f3n endosc\u00f3pica de cejas<\/h2>\nEl lifting de cejas, tambi\u00e9n conocido como estiramiento de la frente, corrige quir\u00fargicamente las cejas ca\u00eddas y suaviza las expresiones de preocupaci\u00f3n o enfado. El lifting de cejas Endotine utiliza un implante Endotine que permite a los cirujanos levantar el tejido a partir de peque\u00f1as incisiones a lo largo de la l\u00ednea del cabello, elevando las cejas a una posici\u00f3n natural y alisando los pliegues entre las cejas y a lo largo de la frente. Puede elevar la frente m\u00e1s de 1 cm con resultados naturales, sin cicatrices, una mejora duradera con un tiempo de inactividad m\u00ednimo.\t\t\t\t\t\t<\/div>\n\t\t\t\t<\/div>\n\t\t\t\t\t<\/div>\n\t\t<\/div>\n\t\t\t\t\t<\/div>\n\t\t<\/section>\n\t\t\t\t<section class=\"elementor-section elementor-top-section elementor-element elementor-element-f630c4f bg-color forme_1 elementor-section-boxed elementor-section-height-default elementor-section-height-default\" data-id=\"f630c4f\" data-element_type=\"section\">\n\t\t\t\t\t\t<div class=\"elementor-container elementor-column-gap-default\">\n\t\t\t\t\t<div class=\"elementor-column elementor-col-33 elementor-top-column elementor-element elementor-element-3bd1ece\" data-id=\"3bd1ece\" data-element_type=\"column\">\n\t\t\t<div class=\"elementor-widget-wrap elementor-element-populated\">\n\t\t\t\t\t\t<div class=\"elementor-element elementor-element-593800d elementor-widget elementor-widget-text-editor\" data-id=\"593800d\" data-element_type=\"widget\" data-widget_type=\"text-editor.default\">\n\t\t\t\t<div class=\"elementor-widget-container\">\n\t\t\t\t\t\t\t<img decoding=\"async\" class=\"img_popup\" src=\"https:\/\/www.la-chirurgie-esthetique-maroc.com\/wp-content\/uploads\/2022\/01\/lifting-visage_1.jpg\" alt=\"los beneficios de las endotinas\">\n<div class=\"popup_y\"><a class=\"popup-youtube soap-mfp-popup\" href=\"https:\/\/www.youtube.com\/watch?v=KOTrgFX4k18\"><img decoding=\"async\" src=\"https:\/\/www.la-chirurgie-esthetique-maroc.com\/wp-content\/uploads\/2022\/01\/play.png\" alt=\"los beneficios de las endotinas\"><\/a><\/div>\t\t\t\t\t\t<\/div>\n\t\t\t\t<\/div>\n\t\t\t\t\t<\/div>\n\t\t<\/div>\n\t\t\t\t<div class=\"elementor-column elementor-col-66 elementor-top-column elementor-element elementor-element-7b2f7d6 align_content_center\" data-id=\"7b2f7d6\" data-element_type=\"column\">\n\t\t\t<div class=\"elementor-widget-wrap elementor-element-populated\">\n\t\t\t\t\t\t<div class=\"elementor-element elementor-element-bd6968f elementor-widget elementor-widget-text-editor\" data-id=\"bd6968f\" data-element_type=\"widget\" data-widget_type=\"text-editor.default\">\n\t\t\t\t<div class=\"elementor-widget-container\">\n\t\t\t\t\t\t\t<h2>\u00bfCu\u00e1les son los beneficios de las endotinas?<\/h2>\nLas endotinas pueden ofrecer ventajas tanto a los cirujanos como a los pacientes si se utilizan correctamente. Tambi\u00e9n son una alternativa a las suturas m\u00faltiples. Pueden reducir la probabilidad de cicatrices antiest\u00e9ticas o estiradas, o el efecto de alambre que se produce cuando las suturas ejercen demasiada tensi\u00f3n sobre los tejidos blandos despu\u00e9s de procedimientos est\u00e9ticos. Sin embargo, se trata de un implante sint\u00e9tico.\n\t\t\t\t\t\t<\/div>\n\t\t\t\t<\/div>\n\t\t\t\t\t<\/div>\n\t\t<\/div>\n\t\t\t\t\t<\/div>\n\t\t<\/section>\n\t\t\t\t<section class=\"elementor-section elementor-top-section elementor-element elementor-element-71113fa elementor-section-boxed elementor-section-height-default elementor-section-height-default\" data-id=\"71113fa\" data-element_type=\"section\">\n\t\t\t\t\t\t<div class=\"elementor-container elementor-column-gap-default\">\n\t\t\t\t\t<div class=\"elementor-column elementor-col-66 elementor-top-column elementor-element elementor-element-8fbfe8f\" data-id=\"8fbfe8f\" data-element_type=\"column\">\n\t\t\t<div class=\"elementor-widget-wrap elementor-element-populated\">\n\t\t\t\t\t\t<div class=\"elementor-element elementor-element-810cbe4 elementor-widget elementor-widget-text-editor\" data-id=\"810cbe4\" data-element_type=\"widget\" data-widget_type=\"text-editor.default\">\n\t\t\t\t<div class=\"elementor-widget-container\">\n\t\t\t\t\t\t\t<h2>Lifting facial Marruecos vs Lifting facial T\u00fanez<\/h2>\nTras un an\u00e1lisis exhaustivo de la calidad de la piel y el nivel de flacidez de las estructuras internas y externas del rostro. Nuestros experimentados cirujanos analizar\u00e1n con usted la mejor t\u00e9cnica quir\u00fargica posible. Nuestro cirujano para una operaci\u00f3n de <strong>lifting facial en T\u00fanez<\/strong> recomienda dejar de fumar durante 6 semanas antes de la operaci\u00f3n para evitar problemas de cicatrizaci\u00f3n.\n\nLos tipos de <strong>lifting<\/strong> que se ofrecen son :\n<ul class=\"liste-page\">\n \t<li>Lifting facial escalonado: se trata de una operaci\u00f3n preventiva contra el envejecimiento para personas de 40 a\u00f1os.<\/li>\n \t<li>Cirug\u00eda endosc\u00f3pica de lifting facial: el objetivo de esta operaci\u00f3n, realizada con la ayuda de una minic\u00e1mara introducida a trav\u00e9s de peque\u00f1as incisiones en el pelo, es evitar las cicatrices tratando la parte superior de la cara.<\/li>\n \t<li>Operaci\u00f3n cl\u00e1sica de lifting facial: se elimina la piel sobrante, se tensa la piel y se recolocan los m\u00fasculos si es necesario.<\/li>\n<\/ul>\nSe trata de un procedimiento puramente quir\u00fargico que implica un aspecto tecnol\u00f3gico relacionado con la supervisi\u00f3n de la operaci\u00f3n y la ejecuci\u00f3n de determinadas maniobras.\n\nSe tarda entre dos y tres horas y la hospitalizaci\u00f3n entre 24 y 48 horas.\t\t\t\t\t\t<\/div>\n\t\t\t\t<\/div>\n\t\t\t\t\t<\/div>\n\t\t<\/div>\n\t\t\t\t<div class=\"elementor-column elementor-col-33 elementor-top-column elementor-element elementor-element-83244cf\" data-id=\"83244cf\" data-element_type=\"column\">\n\t\t\t<div class=\"elementor-widget-wrap elementor-element-populated\">\n\t\t\t\t\t\t<div class=\"elementor-element elementor-element-e9cd806 elementor-widget elementor-widget-image\" data-id=\"e9cd806\" data-element_type=\"widget\" data-widget_type=\"image.default\">\n\t\t\t\t<div class=\"elementor-widget-container\">\n\t\t\t\t\t\t\t\t\t\t\t\t\t<img decoding=\"async\" width=\"508\" height=\"556\" src=\"https:\/\/www.la-chirurgie-esthetique-maroc.com\/wp-content\/uploads\/2022\/01\/lifting-visage.webp\" class=\"attachment-large size-large wp-image-6423\" alt=\"\" srcset=\"https:\/\/www.la-chirurgie-esthetique-maroc.com\/wp-content\/uploads\/2022\/01\/lifting-visage.webp 508w, https:\/\/www.la-chirurgie-esthetique-maroc.com\/wp-content\/uploads\/2022\/01\/lifting-visage-274x300.webp 274w\" sizes=\"(max-width: 508px) 100vw, 508px\" \/>\t\t\t\t\t\t\t\t\t\t\t\t\t<\/div>\n\t\t\t\t<\/div>\n\t\t\t\t\t<\/div>\n\t\t<\/div>\n\t\t\t\t\t<\/div>\n\t\t<\/section>\n\t\t\t\t<section class=\"elementor-section elementor-top-section elementor-element elementor-element-16eba7ef elementor-section-boxed elementor-section-height-default elementor-section-height-default\" data-id=\"16eba7ef\" data-element_type=\"section\">\n\t\t\t\t\t\t<div class=\"elementor-container elementor-column-gap-default\">\n\t\t\t\t\t<div class=\"elementor-column elementor-col-100 elementor-top-column elementor-element elementor-element-61cc3082\" data-id=\"61cc3082\" data-element_type=\"column\">\n\t\t\t<div class=\"elementor-widget-wrap elementor-element-populated\">\n\t\t\t\t\t\t<div class=\"elementor-element elementor-element-7e242021 elementor-widget elementor-widget-text-editor\" data-id=\"7e242021\" data-element_type=\"widget\" data-widget_type=\"text-editor.default\">\n\t\t\t\t<div class=\"elementor-widget-container\">\n\t\t\t\t\t\t\t\n<h2>Seguimiento postoperatorio y resultados de un lifting facial<\/h2>\nLa cara se hincha y se inflama durante unos diez d\u00edas. Sin embargo, la piel permanece insensible durante un mes, por lo que es necesario esperar 3 semanas antes de reanudar la actividad social y profesional.\n\nLas infecciones se tratan con antibi\u00f3ticos, pero son muy poco frecuentes. Si es necesario, se pueden retocar los aumentos de las cicatrices. El riesgo de par\u00e1lisis facial se reduce considerablemente con las t\u00e9cnicas modernas.\t\t\t\t\t\t<\/div>\n\t\t\t\t<\/div>\n\t\t\t\t\t<\/div>\n\t\t<\/div>\n\t\t\t\t\t<\/div>\n\t\t<\/section>\n\t\t\t\t<section class=\"elementor-section elementor-top-section elementor-element elementor-element-6b0b218 elementor-section-boxed elementor-section-height-default elementor-section-height-default\" data-id=\"6b0b218\" data-element_type=\"section\">\n\t\t\t\t\t\t<div class=\"elementor-container elementor-column-gap-default\">\n\t\t\t\t\t<div class=\"elementor-column elementor-col-100 elementor-top-column elementor-element elementor-element-ae18804\" data-id=\"ae18804\" data-element_type=\"column\">\n\t\t\t<div class=\"elementor-widget-wrap\">\n\t\t\t\t\t\t\t<\/div>\n\t\t<\/div>\n\t\t\t\t\t<\/div>\n\t\t<\/section>\n\t\t\t\t<section class=\"elementor-section elementor-top-section elementor-element elementor-element-4882bb5 center elementor-section-boxed elementor-section-height-default elementor-section-height-default\" data-id=\"4882bb5\" data-element_type=\"section\">\n\t\t\t\t\t\t<div class=\"elementor-container elementor-column-gap-default\">\n\t\t\t\t\t<div class=\"elementor-column elementor-col-100 elementor-top-column elementor-element elementor-element-685edc5\" data-id=\"685edc5\" data-element_type=\"column\">\n\t\t\t<div class=\"elementor-widget-wrap elementor-element-populated\">\n\t\t\t\t\t\t<div class=\"elementor-element elementor-element-56f4fce elementor-widget elementor-widget-html\" data-id=\"56f4fce\" data-element_type=\"widget\" data-widget_type=\"html.default\">\n\t\t\t\t<div class=\"elementor-widget-container\">\n\t\t\t<div class=\"btn_devis btn_intern\"><a href=\"https:\/\/www.la-chirurgie-esthetique-maroc.com\/es\/cita\/\"><span>Presupuesto gratuito<\/span><\/a><\/div>\t\t<\/div>\n\t\t\t\t<\/div>\n\t\t\t\t\t<\/div>\n\t\t<\/div>\n\t\t\t\t\t<\/div>\n\t\t<\/section>\n\t\t\t\t<\/div>\n\t\t","protected":false},"excerpt":{"rendered":"<p>\u00bfBusca el precio de un lifting facial en Marruecos ? Nuestra cl\u00ednica le ofrece las tarifas m\u00e1s econ\u00f3micas para un lifting facial de 5 noches y 6 d\u00edas en T\u00fanez. Compare T\u00fanez y Marruecos para su operaci\u00f3n de lifting facial. Nuestras tarifas son las mejores en t\u00e9rminos de relaci\u00f3n calidad-precio para satisfacer a nuestros pacientes. [&hellip;]<\/p>\n","protected":false},"author":1,"featured_media":6425,"parent":0,"menu_order":0,"comment_status":"closed","ping_status":"closed","template":"","meta":{"footnotes":""},"class_list":["post-6583","page","type-page","status-publish","has-post-thumbnail","hentry"],"yoast_head":"<!-- This site is optimized with the Yoast SEO plugin v27.5 - https:\/\/yoast.com\/product\/yoast-seo-wordpress\/ -->\n<title>Precios lifting facial Marruecos \u27a1\ufe0f lista de precios para lifting facial caro<\/title>\n<meta name=\"description\" content=\"Lifting facial marruecos precio: \u2705 lifting cervico facial, temporo malar y frontal en nuestra cl\u00ednica con precio barato. Presupuesto personalizado gratuito.\" \/>\n<meta name=\"robots\" content=\"index, follow, max-snippet:-1, max-image-preview:large, max-video-preview:-1\" \/>\n<link rel=\"canonical\" href=\"https:\/\/www.la-chirurgie-esthetique-maroc.com\/es\/lifting-facial\/\" \/>\n<meta property=\"og:locale\" content=\"es_ES\" \/>\n<meta property=\"og:type\" content=\"article\" \/>\n<meta property=\"og:title\" content=\"Precios lifting facial Marruecos \u27a1\ufe0f lista de precios para lifting facial caro\" \/>\n<meta property=\"og:description\" content=\"Lifting facial marruecos precio: \u2705 lifting cervico facial, temporo malar y frontal en nuestra cl\u00ednica con precio barato. Presupuesto personalizado gratuito.\" \/>\n<meta property=\"og:url\" content=\"https:\/\/www.la-chirurgie-esthetique-maroc.com\/es\/lifting-facial\/\" \/>\n<meta property=\"og:site_name\" content=\"Chirurgie esthetique Maroc\" \/>\n<meta property=\"article:modified_time\" content=\"2024-02-22T12:27:23+00:00\" \/>\n<meta property=\"og:image\" content=\"https:\/\/www.la-chirurgie-esthetique-maroc.com\/wp-content\/uploads\/2022\/01\/header_visage.png\" \/>\n\t<meta property=\"og:image:width\" content=\"552\" \/>\n\t<meta property=\"og:image:height\" content=\"612\" \/>\n\t<meta property=\"og:image:type\" content=\"image\/png\" \/>\n<meta name=\"twitter:card\" content=\"summary_large_image\" \/>\n<meta name=\"twitter:label1\" content=\"Tiempo de lectura\" \/>\n\t<meta name=\"twitter:data1\" content=\"4 minutos\" \/>\n<!-- \/ Yoast SEO plugin. -->","yoast_head_json":{"title":"Precios lifting facial Marruecos \u27a1\ufe0f lista de precios para lifting facial caro","description":"Lifting facial marruecos precio: \u2705 lifting cervico facial, temporo malar y frontal en nuestra cl\u00ednica con precio barato. Presupuesto personalizado gratuito.","robots":{"index":"index","follow":"follow","max-snippet":"max-snippet:-1","max-image-preview":"max-image-preview:large","max-video-preview":"max-video-preview:-1"},"canonical":"https:\/\/www.la-chirurgie-esthetique-maroc.com\/es\/lifting-facial\/","og_locale":"es_ES","og_type":"article","og_title":"Precios lifting facial Marruecos \u27a1\ufe0f lista de precios para lifting facial caro","og_description":"Lifting facial marruecos precio: \u2705 lifting cervico facial, temporo malar y frontal en nuestra cl\u00ednica con precio barato. Presupuesto personalizado gratuito.","og_url":"https:\/\/www.la-chirurgie-esthetique-maroc.com\/es\/lifting-facial\/","og_site_name":"Chirurgie esthetique Maroc","article_modified_time":"2024-02-22T12:27:23+00:00","og_image":[{"width":552,"height":612,"url":"https:\/\/www.la-chirurgie-esthetique-maroc.com\/wp-content\/uploads\/2022\/01\/header_visage.png","type":"image\/png"}],"twitter_card":"summary_large_image","twitter_misc":{"Tiempo de lectura":"4 minutos"},"schema":{"@context":"https:\/\/schema.org","@graph":[{"@type":"WebPage","@id":"https:\/\/www.la-chirurgie-esthetique-maroc.com\/es\/lifting-facial\/","url":"https:\/\/www.la-chirurgie-esthetique-maroc.com\/es\/lifting-facial\/","name":"Precios lifting facial Marruecos \u27a1\ufe0f lista de precios para lifting facial caro","isPartOf":{"@id":"https:\/\/www.la-chirurgie-esthetique-maroc.com\/es\/#website"},"primaryImageOfPage":{"@id":"https:\/\/www.la-chirurgie-esthetique-maroc.com\/es\/lifting-facial\/#primaryimage"},"image":{"@id":"https:\/\/www.la-chirurgie-esthetique-maroc.com\/es\/lifting-facial\/#primaryimage"},"thumbnailUrl":"https:\/\/www.la-chirurgie-esthetique-maroc.com\/wp-content\/uploads\/2022\/01\/header_visage.png","datePublished":"2024-02-11T13:04:16+00:00","dateModified":"2024-02-22T12:27:23+00:00","description":"Lifting facial marruecos precio: \u2705 lifting cervico facial, temporo malar y frontal en nuestra cl\u00ednica con precio barato. Presupuesto personalizado gratuito.","breadcrumb":{"@id":"https:\/\/www.la-chirurgie-esthetique-maroc.com\/es\/lifting-facial\/#breadcrumb"},"inLanguage":"es","potentialAction":[{"@type":"ReadAction","target":["https:\/\/www.la-chirurgie-esthetique-maroc.com\/es\/lifting-facial\/"]}]},{"@type":"ImageObject","inLanguage":"es","@id":"https:\/\/www.la-chirurgie-esthetique-maroc.com\/es\/lifting-facial\/#primaryimage","url":"https:\/\/www.la-chirurgie-esthetique-maroc.com\/wp-content\/uploads\/2022\/01\/header_visage.png","contentUrl":"https:\/\/www.la-chirurgie-esthetique-maroc.com\/wp-content\/uploads\/2022\/01\/header_visage.png","width":552,"height":612},{"@type":"BreadcrumbList","@id":"https:\/\/www.la-chirurgie-esthetique-maroc.com\/es\/lifting-facial\/#breadcrumb","itemListElement":[{"@type":"ListItem","position":1,"name":"Accueil","item":"https:\/\/www.la-chirurgie-esthetique-maroc.com\/es\/"},{"@type":"ListItem","position":2,"name":"Precios lifting facial Marruecos : comparar precios con T\u00fanez"}]},{"@type":"WebSite","@id":"https:\/\/www.la-chirurgie-esthetique-maroc.com\/es\/#website","url":"https:\/\/www.la-chirurgie-esthetique-maroc.com\/es\/","name":"Chirurgie esthetique Maroc","description":"","publisher":{"@id":"https:\/\/www.la-chirurgie-esthetique-maroc.com\/es\/#organization"},"potentialAction":[{"@type":"SearchAction","target":{"@type":"EntryPoint","urlTemplate":"https:\/\/www.la-chirurgie-esthetique-maroc.com\/es\/?s={search_term_string}"},"query-input":{"@type":"PropertyValueSpecification","valueRequired":true,"valueName":"search_term_string"}}],"inLanguage":"es"},{"@type":"Organization","@id":"https:\/\/www.la-chirurgie-esthetique-maroc.com\/es\/#organization","name":"Chirurgie esthetique Maroc","url":"https:\/\/www.la-chirurgie-esthetique-maroc.com\/es\/","logo":{"@type":"ImageObject","inLanguage":"es","@id":"https:\/\/www.la-chirurgie-esthetique-maroc.com\/es\/#\/schema\/logo\/image\/","url":"https:\/\/www.la-chirurgie-esthetique-maroc.com\/wp-content\/uploads\/2022\/01\/cem3.png","contentUrl":"https:\/\/www.la-chirurgie-esthetique-maroc.com\/wp-content\/uploads\/2022\/01\/cem3.png","width":125,"height":41,"caption":"Chirurgie esthetique Maroc"},"image":{"@id":"https:\/\/www.la-chirurgie-esthetique-maroc.com\/es\/#\/schema\/logo\/image\/"}}]}},"_links":{"self":[{"href":"https:\/\/www.la-chirurgie-esthetique-maroc.com\/es\/wp-json\/wp\/v2\/pages\/6583","targetHints":{"allow":["GET"]}}],"collection":[{"href":"https:\/\/www.la-chirurgie-esthetique-maroc.com\/es\/wp-json\/wp\/v2\/pages"}],"about":[{"href":"https:\/\/www.la-chirurgie-esthetique-maroc.com\/es\/wp-json\/wp\/v2\/types\/page"}],"author":[{"embeddable":true,"href":"https:\/\/www.la-chirurgie-esthetique-maroc.com\/es\/wp-json\/wp\/v2\/users\/1"}],"replies":[{"embeddable":true,"href":"https:\/\/www.la-chirurgie-esthetique-maroc.com\/es\/wp-json\/wp\/v2\/comments?post=6583"}],"version-history":[{"count":10,"href":"https:\/\/www.la-chirurgie-esthetique-maroc.com\/es\/wp-json\/wp\/v2\/pages\/6583\/revisions"}],"predecessor-version":[{"id":8389,"href":"https:\/\/www.la-chirurgie-esthetique-maroc.com\/es\/wp-json\/wp\/v2\/pages\/6583\/revisions\/8389"}],"wp:featuredmedia":[{"embeddable":true,"href":"https:\/\/www.la-chirurgie-esthetique-maroc.com\/es\/wp-json\/wp\/v2\/media\/6425"}],"wp:attachment":[{"href":"https:\/\/www.la-chirurgie-esthetique-maroc.com\/es\/wp-json\/wp\/v2\/media?parent=6583"}],"curies":[{"name":"wp","href":"https:\/\/api.w.org\/{rel}","templated":true}]}}