{"id":6609,"date":"2016-06-23T15:47:09","date_gmt":"2016-06-23T13:47:09","guid":{"rendered":"https:\/\/www.la-chirurgie-esthetique-maroc.com\/genioplastia-marruecos\/"},"modified":"2024-02-22T13:31:45","modified_gmt":"2024-02-22T12:31:45","slug":"genioplastia","status":"publish","type":"page","link":"https:\/\/www.la-chirurgie-esthetique-maroc.com\/es\/genioplastia\/","title":{"rendered":"Genioplastia Marruecos"},"content":{"rendered":"\t\t<div data-elementor-type=\"wp-page\" data-elementor-id=\"6609\" class=\"elementor elementor-6609 elementor-39\">\n\t\t\t\t\t\t<section class=\"elementor-section elementor-top-section elementor-element elementor-element-1c05126 elementor-section-boxed elementor-section-height-default elementor-section-height-default\" data-id=\"1c05126\" data-element_type=\"section\">\n\t\t\t\t\t\t<div class=\"elementor-container elementor-column-gap-default\">\n\t\t\t\t\t<div class=\"elementor-column elementor-col-100 elementor-top-column elementor-element elementor-element-8531c8a\" data-id=\"8531c8a\" data-element_type=\"column\">\n\t\t\t<div class=\"elementor-widget-wrap elementor-element-populated\">\n\t\t\t\t\t\t<div class=\"elementor-element elementor-element-7a56692 elementor-widget elementor-widget-text-editor\" data-id=\"7a56692\" data-element_type=\"widget\" data-widget_type=\"text-editor.default\">\n\t\t\t\t<div class=\"elementor-widget-container\">\n\t\t\t\t\t\t\t\u00bfEst\u00e1 buscando el <strong>precio de la genioplastia Marruecos<\/strong>? Nuestra cl\u00ednica le ofrece las tarifas m\u00e1s econ\u00f3micas para la <strong>cirug\u00eda de ment\u00f3n<\/strong>. Su operaci\u00f3n cuesta 1.600 euros con estancia m\u00e9dica todo incluido. P\u00f3ngase en contacto con nosotros para obtener un presupuesto gratuito para la<strong>cirug\u00eda de genioplastia<\/strong> con detalles e informaci\u00f3n sobre su estancia cosm\u00e9tica.\n\nAqu\u00ed est\u00e1 el precio de la <strong>genioplastia Marruecos todo incluido:<\/strong>\n<table class=\"table_home interne\">\n<thead>\n<tr>\n<th>Intervenciones<\/th>\n<th>Premios<\/th>\n<th>Permanece<\/th>\n<\/tr>\n<\/thead>\n<tbody>\n<tr>\n<td>Genioplastia<\/td>\n<td>1600 \u20ac<\/td>\n<td>4 noches y 5 d\u00edas<\/td>\n<\/tr>\n<\/tbody>\n<\/table>\n\nAl igual que los p\u00f3mulos y la nariz, la zona del ment\u00f3n dibuja las formas que dan expresi\u00f3n y car\u00e1cter al rostro. En Marruecos, nuestra cl\u00ednica cuenta con equipos de \u00faltima generaci\u00f3n y cirujanos de <strong>genioplastia<\/strong> altamente cualificados.\t\t\t\t\t\t<\/div>\n\t\t\t\t<\/div>\n\t\t\t\t\t<\/div>\n\t\t<\/div>\n\t\t\t\t\t<\/div>\n\t\t<\/section>\n\t\t\t\t<section class=\"elementor-section elementor-top-section elementor-element elementor-element-acac141 elementor-section-boxed elementor-section-height-default elementor-section-height-default\" data-id=\"acac141\" data-element_type=\"section\">\n\t\t\t\t\t\t<div class=\"elementor-container elementor-column-gap-default\">\n\t\t\t\t\t<div class=\"elementor-column elementor-col-66 elementor-top-column elementor-element elementor-element-f68c096\" data-id=\"f68c096\" data-element_type=\"column\">\n\t\t\t<div class=\"elementor-widget-wrap elementor-element-populated\">\n\t\t\t\t\t\t<div class=\"elementor-element elementor-element-6a75526 elementor-widget elementor-widget-text-editor\" data-id=\"6a75526\" data-element_type=\"widget\" data-widget_type=\"text-editor.default\">\n\t\t\t\t<div class=\"elementor-widget-container\">\n\t\t\t\t\t\t\t<h2>Presupuesto expr\u00e9s gratuito<\/h2>\n<style>\r\n.align_center {\r\n    display: block;\r\n    text-align: center;\r\n    padding: 30px 0px;\r\n}\r\n<\/style>\r\n\r\n<div>\r\n\t<h2 class=\"align_center\">Presupuesto r\u00e1pido gratuito<\/h2>\r\n<iframe src=\"https:\/\/app.metocrm.com\/web-forms\/e1cab5bd-ef56-4a37-aa71-4857d931f368\"  height=\"800px\" width=\"100%\"  frameborder=\"0\" style=\"border-radius: 10px;\"><\/iframe>\r\n\r\n<\/div>\t\t\t\t\t\t<\/div>\n\t\t\t\t<\/div>\n\t\t\t\t\t<\/div>\n\t\t<\/div>\n\t\t\t\t<div class=\"elementor-column elementor-col-33 elementor-top-column elementor-element elementor-element-a88f546\" data-id=\"a88f546\" data-element_type=\"column\">\n\t\t\t<div class=\"elementor-widget-wrap elementor-element-populated\">\n\t\t\t\t\t\t<div class=\"elementor-element elementor-element-5e0bf93 elementor-widget elementor-widget-image\" data-id=\"5e0bf93\" data-element_type=\"widget\" data-widget_type=\"image.default\">\n\t\t\t\t<div class=\"elementor-widget-container\">\n\t\t\t\t\t\t\t\t\t\t\t\t\t<img fetchpriority=\"high\" decoding=\"async\" width=\"508\" height=\"554\" src=\"https:\/\/www.la-chirurgie-esthetique-maroc.com\/wp-content\/uploads\/2022\/01\/la-chirurgie-esthetique-maroc_devis-1.webp\" class=\"attachment-large size-large wp-image-6422\" alt=\"\" srcset=\"https:\/\/www.la-chirurgie-esthetique-maroc.com\/wp-content\/uploads\/2022\/01\/la-chirurgie-esthetique-maroc_devis-1.webp 508w, https:\/\/www.la-chirurgie-esthetique-maroc.com\/wp-content\/uploads\/2022\/01\/la-chirurgie-esthetique-maroc_devis-1-275x300.webp 275w\" sizes=\"(max-width: 508px) 100vw, 508px\" \/>\t\t\t\t\t\t\t\t\t\t\t\t\t<\/div>\n\t\t\t\t<\/div>\n\t\t\t\t\t<\/div>\n\t\t<\/div>\n\t\t\t\t\t<\/div>\n\t\t<\/section>\n\t\t\t\t<section class=\"elementor-section elementor-top-section elementor-element elementor-element-4e6b94b bg-color forme_1  elementor-section-boxed elementor-section-height-default elementor-section-height-default\" data-id=\"4e6b94b\" data-element_type=\"section\">\n\t\t\t\t\t\t<div class=\"elementor-container elementor-column-gap-default\">\n\t\t\t\t\t<div class=\"elementor-column elementor-col-100 elementor-top-column elementor-element elementor-element-8d9c21b\" data-id=\"8d9c21b\" data-element_type=\"column\">\n\t\t\t<div class=\"elementor-widget-wrap elementor-element-populated\">\n\t\t\t\t\t\t<div class=\"elementor-element elementor-element-cff2c11 elementor-widget elementor-widget-text-editor\" data-id=\"cff2c11\" data-element_type=\"widget\" data-widget_type=\"text-editor.default\">\n\t\t\t\t<div class=\"elementor-widget-container\">\n\t\t\t\t\t\t\t<h2>Genioplastia en Marruecos<\/h2>\nLa <strong>cirug\u00eda est\u00e9tica y reconstructiva del ment\u00f3n<\/strong> s\u00f3lo es posible despu\u00e9s de que la cara del paciente se haya osificado por completo. En funci\u00f3n de la posici\u00f3n del ment\u00f3n, son posibles dos tipos de <strong>genioplastia<\/strong>:\n<ul class=\"liste-page\">\n \t<li>Cirug\u00eda de progenie o ment\u00f3n sobresaliente: Se realiza bajo anestesia general y dura aproximadamente una hora. La<a href=\"http:\/\/www.la-chirurgie-esthetique-maroc.com\/\">operaci\u00f3n de reparaci\u00f3n<\/a> consiste en retirar una tira \u00f3sea sobrante por v\u00eda endobucal para desplazar el ment\u00f3n hacia atr\u00e1s.<\/li>\n \t<li><strong>Cirug\u00eda<\/strong> retrog\u00e9nica o de <strong>ment\u00f3n<\/strong> retra\u00eddo: dos t\u00e9cnicas son posibles cuando el ment\u00f3n est\u00e1 retra\u00eddo. Colocaci\u00f3n de una tira \u00f3sea precortada o de un implante prot\u00e9sico. La validaci\u00f3n de la t\u00e9cnica se realiza en funci\u00f3n de las propiedades anat\u00f3micas del ment\u00f3n del paciente.<\/li>\n<\/ul>\nLa intervenci\u00f3n dura entre 30 minutos y 1 hora, se realiza bajo anestesia general y requiere 3 noches de hospitalizaci\u00f3n. No afecta a la posici\u00f3n de los dientes porque los cortes quir\u00fargicos se sit\u00faan bajo las ra\u00edces dentales.\t\t\t\t\t\t<\/div>\n\t\t\t\t<\/div>\n\t\t\t\t\t<\/div>\n\t\t<\/div>\n\t\t\t\t\t<\/div>\n\t\t<\/section>\n\t\t\t\t<section class=\"elementor-section elementor-top-section elementor-element elementor-element-8be5ac3 elementor-section-boxed elementor-section-height-default elementor-section-height-default\" data-id=\"8be5ac3\" data-element_type=\"section\">\n\t\t\t\t\t\t<div class=\"elementor-container elementor-column-gap-default\">\n\t\t\t\t\t<div class=\"elementor-column elementor-col-100 elementor-top-column elementor-element elementor-element-f1932db\" data-id=\"f1932db\" data-element_type=\"column\">\n\t\t\t<div class=\"elementor-widget-wrap elementor-element-populated\">\n\t\t\t\t\t\t<div class=\"elementor-element elementor-element-10f4c55 elementor-widget elementor-widget-text-editor\" data-id=\"10f4c55\" data-element_type=\"widget\" data-widget_type=\"text-editor.default\">\n\t\t\t\t<div class=\"elementor-widget-container\">\n\t\t\t\t\t\t\t<h2>Al salir del quir\u00f3fano<\/h2>\nLas cicatrices son casi invisibles porque est\u00e1n ocultas en la mucosa. La exclusi\u00f3n social y profesional debe mantenerse durante 15 d\u00edas si el hueso se ha cortado quir\u00fargicamente (osteotom\u00eda) y durante 8 d\u00edas si se ha colocado un implante.\n<p style=\"text-align: justify;\">Se recomienda ingerir alimentos blandos o semil\u00edquidos, preferiblemente fr\u00edos, durante los dos primeros d\u00edas. El edema facial persiste durante 8 d\u00edas antes de remitir progresivamente con el tratamiento prescrito (enjuague bucal antis\u00e9ptico). El resultado se percibe inmediatamente despu\u00e9s de la operaci\u00f3n, pero pueden pasar hasta 6 meses hasta que se reanude el crecimiento \u00f3seo normal.<\/p>\n\t\t\t\t\t\t<\/div>\n\t\t\t\t<\/div>\n\t\t\t\t\t<\/div>\n\t\t<\/div>\n\t\t\t\t\t<\/div>\n\t\t<\/section>\n\t\t\t\t<section class=\"elementor-section elementor-top-section elementor-element elementor-element-0c38b37 center elementor-section-boxed elementor-section-height-default elementor-section-height-default\" data-id=\"0c38b37\" data-element_type=\"section\">\n\t\t\t\t\t\t<div class=\"elementor-container elementor-column-gap-default\">\n\t\t\t\t\t<div class=\"elementor-column elementor-col-100 elementor-top-column elementor-element elementor-element-56c3b0d\" data-id=\"56c3b0d\" data-element_type=\"column\">\n\t\t\t<div class=\"elementor-widget-wrap elementor-element-populated\">\n\t\t\t\t\t\t<div class=\"elementor-element elementor-element-ed1c47d elementor-widget elementor-widget-html\" data-id=\"ed1c47d\" data-element_type=\"widget\" data-widget_type=\"html.default\">\n\t\t\t\t<div class=\"elementor-widget-container\">\n\t\t\t<div class=\"btn_devis btn_intern\"><a href=\"https:\/\/www.la-chirurgie-esthetique-maroc.com\/es\/cita\/\"><span>Presupuesto gratuito<\/span><\/a><\/div>\t\t<\/div>\n\t\t\t\t<\/div>\n\t\t\t\t\t<\/div>\n\t\t<\/div>\n\t\t\t\t\t<\/div>\n\t\t<\/section>\n\t\t\t\t<\/div>\n\t\t","protected":false},"excerpt":{"rendered":"<p>\u00bfEst\u00e1 buscando el precio de la genioplastia Marruecos? Nuestra cl\u00ednica le ofrece las tarifas m\u00e1s econ\u00f3micas para la cirug\u00eda de ment\u00f3n. Su operaci\u00f3n cuesta 1.600 euros con estancia m\u00e9dica todo incluido. P\u00f3ngase en contacto con nosotros para obtener un presupuesto gratuito para lacirug\u00eda de genioplastia con detalles e informaci\u00f3n sobre su estancia cosm\u00e9tica. Aqu\u00ed est\u00e1 [&hellip;]<\/p>\n","protected":false},"author":1,"featured_media":6425,"parent":0,"menu_order":0,"comment_status":"closed","ping_status":"closed","template":"","meta":{"footnotes":""},"class_list":["post-6609","page","type-page","status-publish","has-post-thumbnail","hentry"],"yoast_head":"<!-- This site is optimized with the Yoast SEO plugin v27.5 - https:\/\/yoast.com\/product\/yoast-seo-wordpress\/ -->\n<title>Genioplastia Marruecos : precio barato para la cirug\u00eda de ment\u00f3n<\/title>\n<meta name=\"description\" content=\"Genioplastia Marruecos: precios baratos de cirug\u00eda de ment\u00f3n con estancia m\u00e9dica en T\u00fanez en nuestra cl\u00ednica con presupuesto gratuito.\" \/>\n<meta name=\"robots\" content=\"index, follow, max-snippet:-1, max-image-preview:large, max-video-preview:-1\" \/>\n<link rel=\"canonical\" href=\"https:\/\/www.la-chirurgie-esthetique-maroc.com\/es\/genioplastia\/\" \/>\n<meta property=\"og:locale\" content=\"es_ES\" \/>\n<meta property=\"og:type\" content=\"article\" \/>\n<meta property=\"og:title\" content=\"Genioplastia Marruecos : precio barato para la cirug\u00eda de ment\u00f3n\" \/>\n<meta property=\"og:description\" content=\"Genioplastia Marruecos: precios baratos de cirug\u00eda de ment\u00f3n con estancia m\u00e9dica en T\u00fanez en nuestra cl\u00ednica con presupuesto gratuito.\" \/>\n<meta property=\"og:url\" content=\"https:\/\/www.la-chirurgie-esthetique-maroc.com\/es\/genioplastia\/\" \/>\n<meta property=\"og:site_name\" content=\"Chirurgie esthetique Maroc\" \/>\n<meta property=\"article:modified_time\" content=\"2024-02-22T12:31:45+00:00\" \/>\n<meta property=\"og:image\" content=\"https:\/\/www.la-chirurgie-esthetique-maroc.com\/wp-content\/uploads\/2022\/01\/header_visage.png\" \/>\n\t<meta property=\"og:image:width\" content=\"552\" \/>\n\t<meta property=\"og:image:height\" content=\"612\" \/>\n\t<meta property=\"og:image:type\" content=\"image\/png\" \/>\n<meta name=\"twitter:card\" content=\"summary_large_image\" \/>\n<meta name=\"twitter:label1\" content=\"Tiempo de lectura\" \/>\n\t<meta name=\"twitter:data1\" content=\"2 minutos\" \/>\n<!-- \/ Yoast SEO plugin. -->","yoast_head_json":{"title":"Genioplastia Marruecos : precio barato para la cirug\u00eda de ment\u00f3n","description":"Genioplastia Marruecos: precios baratos de cirug\u00eda de ment\u00f3n con estancia m\u00e9dica en T\u00fanez en nuestra cl\u00ednica con presupuesto gratuito.","robots":{"index":"index","follow":"follow","max-snippet":"max-snippet:-1","max-image-preview":"max-image-preview:large","max-video-preview":"max-video-preview:-1"},"canonical":"https:\/\/www.la-chirurgie-esthetique-maroc.com\/es\/genioplastia\/","og_locale":"es_ES","og_type":"article","og_title":"Genioplastia Marruecos : precio barato para la cirug\u00eda de ment\u00f3n","og_description":"Genioplastia Marruecos: precios baratos de cirug\u00eda de ment\u00f3n con estancia m\u00e9dica en T\u00fanez en nuestra cl\u00ednica con presupuesto gratuito.","og_url":"https:\/\/www.la-chirurgie-esthetique-maroc.com\/es\/genioplastia\/","og_site_name":"Chirurgie esthetique Maroc","article_modified_time":"2024-02-22T12:31:45+00:00","og_image":[{"width":552,"height":612,"url":"https:\/\/www.la-chirurgie-esthetique-maroc.com\/wp-content\/uploads\/2022\/01\/header_visage.png","type":"image\/png"}],"twitter_card":"summary_large_image","twitter_misc":{"Tiempo de lectura":"2 minutos"},"schema":{"@context":"https:\/\/schema.org","@graph":[{"@type":"WebPage","@id":"https:\/\/www.la-chirurgie-esthetique-maroc.com\/es\/genioplastia\/","url":"https:\/\/www.la-chirurgie-esthetique-maroc.com\/es\/genioplastia\/","name":"Genioplastia Marruecos : precio barato para la cirug\u00eda de ment\u00f3n","isPartOf":{"@id":"https:\/\/www.la-chirurgie-esthetique-maroc.com\/es\/#website"},"primaryImageOfPage":{"@id":"https:\/\/www.la-chirurgie-esthetique-maroc.com\/es\/genioplastia\/#primaryimage"},"image":{"@id":"https:\/\/www.la-chirurgie-esthetique-maroc.com\/es\/genioplastia\/#primaryimage"},"thumbnailUrl":"https:\/\/www.la-chirurgie-esthetique-maroc.com\/wp-content\/uploads\/2022\/01\/header_visage.png","datePublished":"2016-06-23T13:47:09+00:00","dateModified":"2024-02-22T12:31:45+00:00","description":"Genioplastia Marruecos: precios baratos de cirug\u00eda de ment\u00f3n con estancia m\u00e9dica en T\u00fanez en nuestra cl\u00ednica con presupuesto gratuito.","breadcrumb":{"@id":"https:\/\/www.la-chirurgie-esthetique-maroc.com\/es\/genioplastia\/#breadcrumb"},"inLanguage":"es","potentialAction":[{"@type":"ReadAction","target":["https:\/\/www.la-chirurgie-esthetique-maroc.com\/es\/genioplastia\/"]}]},{"@type":"ImageObject","inLanguage":"es","@id":"https:\/\/www.la-chirurgie-esthetique-maroc.com\/es\/genioplastia\/#primaryimage","url":"https:\/\/www.la-chirurgie-esthetique-maroc.com\/wp-content\/uploads\/2022\/01\/header_visage.png","contentUrl":"https:\/\/www.la-chirurgie-esthetique-maroc.com\/wp-content\/uploads\/2022\/01\/header_visage.png","width":552,"height":612},{"@type":"BreadcrumbList","@id":"https:\/\/www.la-chirurgie-esthetique-maroc.com\/es\/genioplastia\/#breadcrumb","itemListElement":[{"@type":"ListItem","position":1,"name":"Accueil","item":"https:\/\/www.la-chirurgie-esthetique-maroc.com\/es\/"},{"@type":"ListItem","position":2,"name":"Genioplastia Marruecos"}]},{"@type":"WebSite","@id":"https:\/\/www.la-chirurgie-esthetique-maroc.com\/es\/#website","url":"https:\/\/www.la-chirurgie-esthetique-maroc.com\/es\/","name":"Chirurgie esthetique Maroc","description":"","publisher":{"@id":"https:\/\/www.la-chirurgie-esthetique-maroc.com\/es\/#organization"},"potentialAction":[{"@type":"SearchAction","target":{"@type":"EntryPoint","urlTemplate":"https:\/\/www.la-chirurgie-esthetique-maroc.com\/es\/?s={search_term_string}"},"query-input":{"@type":"PropertyValueSpecification","valueRequired":true,"valueName":"search_term_string"}}],"inLanguage":"es"},{"@type":"Organization","@id":"https:\/\/www.la-chirurgie-esthetique-maroc.com\/es\/#organization","name":"Chirurgie esthetique Maroc","url":"https:\/\/www.la-chirurgie-esthetique-maroc.com\/es\/","logo":{"@type":"ImageObject","inLanguage":"es","@id":"https:\/\/www.la-chirurgie-esthetique-maroc.com\/es\/#\/schema\/logo\/image\/","url":"https:\/\/www.la-chirurgie-esthetique-maroc.com\/wp-content\/uploads\/2022\/01\/cem3.png","contentUrl":"https:\/\/www.la-chirurgie-esthetique-maroc.com\/wp-content\/uploads\/2022\/01\/cem3.png","width":125,"height":41,"caption":"Chirurgie esthetique Maroc"},"image":{"@id":"https:\/\/www.la-chirurgie-esthetique-maroc.com\/es\/#\/schema\/logo\/image\/"}}]}},"_links":{"self":[{"href":"https:\/\/www.la-chirurgie-esthetique-maroc.com\/es\/wp-json\/wp\/v2\/pages\/6609","targetHints":{"allow":["GET"]}}],"collection":[{"href":"https:\/\/www.la-chirurgie-esthetique-maroc.com\/es\/wp-json\/wp\/v2\/pages"}],"about":[{"href":"https:\/\/www.la-chirurgie-esthetique-maroc.com\/es\/wp-json\/wp\/v2\/types\/page"}],"author":[{"embeddable":true,"href":"https:\/\/www.la-chirurgie-esthetique-maroc.com\/es\/wp-json\/wp\/v2\/users\/1"}],"replies":[{"embeddable":true,"href":"https:\/\/www.la-chirurgie-esthetique-maroc.com\/es\/wp-json\/wp\/v2\/comments?post=6609"}],"version-history":[{"count":8,"href":"https:\/\/www.la-chirurgie-esthetique-maroc.com\/es\/wp-json\/wp\/v2\/pages\/6609\/revisions"}],"predecessor-version":[{"id":8407,"href":"https:\/\/www.la-chirurgie-esthetique-maroc.com\/es\/wp-json\/wp\/v2\/pages\/6609\/revisions\/8407"}],"wp:featuredmedia":[{"embeddable":true,"href":"https:\/\/www.la-chirurgie-esthetique-maroc.com\/es\/wp-json\/wp\/v2\/media\/6425"}],"wp:attachment":[{"href":"https:\/\/www.la-chirurgie-esthetique-maroc.com\/es\/wp-json\/wp\/v2\/media?parent=6609"}],"curies":[{"name":"wp","href":"https:\/\/api.w.org\/{rel}","templated":true}]}}