{"id":6924,"date":"2021-08-31T13:06:21","date_gmt":"2021-08-31T11:06:21","guid":{"rendered":"https:\/\/www.la-chirurgie-esthetique-maroc.com\/depilacion-laser-marruecos-depilacion-laser-permanente\/"},"modified":"2023-05-29T12:04:27","modified_gmt":"2023-05-29T10:04:27","slug":"depilacion-laser","status":"publish","type":"page","link":"https:\/\/www.la-chirurgie-esthetique-maroc.com\/es\/depilacion-laser\/","title":{"rendered":"Depilaci\u00f3n l\u00e1ser Marruecos: depilaci\u00f3n l\u00e1ser permanente"},"content":{"rendered":"\t\t<div data-elementor-type=\"wp-page\" data-elementor-id=\"6924\" class=\"elementor elementor-6924 elementor-3500\">\n\t\t\t\t\t\t<section class=\"elementor-section elementor-top-section elementor-element elementor-element-9183378 elementor-section-boxed elementor-section-height-default elementor-section-height-default\" data-id=\"9183378\" data-element_type=\"section\">\n\t\t\t\t\t\t<div class=\"elementor-container elementor-column-gap-default\">\n\t\t\t\t\t<div class=\"elementor-column elementor-col-33 elementor-top-column elementor-element elementor-element-df33773\" data-id=\"df33773\" data-element_type=\"column\">\n\t\t\t<div class=\"elementor-widget-wrap elementor-element-populated\">\n\t\t\t\t\t\t<div class=\"elementor-element elementor-element-c2a037e elementor-widget elementor-widget-text-editor\" data-id=\"c2a037e\" data-element_type=\"widget\" data-widget_type=\"text-editor.default\">\n\t\t\t\t<div class=\"elementor-widget-container\">\n\t\t\t\t\t\t\t<p><img decoding=\"async\" class=\"aligncenter \" src=\"https:\/\/www.la-chirurgie-esthetique-maroc.com\/wp-content\/uploads\/2022\/01\/epilation-laser-Maroc.webp\" alt=\"Depilaci\u00f3n l\u00e1ser Marruecos\"><\/p>\n\t\t\t\t\t\t<\/div>\n\t\t\t\t<\/div>\n\t\t\t\t\t<\/div>\n\t\t<\/div>\n\t\t\t\t<div class=\"elementor-column elementor-col-66 elementor-top-column elementor-element elementor-element-7a5b6e6 align_content_center\" data-id=\"7a5b6e6\" data-element_type=\"column\">\n\t\t\t<div class=\"elementor-widget-wrap elementor-element-populated\">\n\t\t\t\t\t\t<div class=\"elementor-element elementor-element-e55e855 elementor-widget elementor-widget-text-editor\" data-id=\"e55e855\" data-element_type=\"widget\" data-widget_type=\"text-editor.default\">\n\t\t\t\t<div class=\"elementor-widget-container\">\n\t\t\t\t\t\t\tSi quiere deshacerse del vello para siempre, la<strong>depilaci\u00f3n l\u00e1ser Marruecos<\/strong> es para usted, sea cual sea su tipo de piel y color de vello.\n\nDescubra c\u00f3mo funciona el procedimiento y qu\u00e9 resultados obtendr\u00e1 de \u00e9l, haci\u00e9ndose la <strong>depilaci\u00f3n l\u00e1ser en Marruecos<\/strong>.\t\t\t\t\t\t<\/div>\n\t\t\t\t<\/div>\n\t\t\t\t\t<\/div>\n\t\t<\/div>\n\t\t\t\t\t<\/div>\n\t\t<\/section>\n\t\t\t\t<section class=\"elementor-section elementor-top-section elementor-element elementor-element-3d5ad8b elementor-section-boxed elementor-section-height-default elementor-section-height-default\" data-id=\"3d5ad8b\" data-element_type=\"section\">\n\t\t\t\t\t\t<div class=\"elementor-container elementor-column-gap-default\">\n\t\t\t\t\t<div class=\"elementor-column elementor-col-66 elementor-top-column elementor-element elementor-element-2a004c4\" data-id=\"2a004c4\" data-element_type=\"column\">\n\t\t\t<div class=\"elementor-widget-wrap elementor-element-populated\">\n\t\t\t\t\t\t<div class=\"elementor-element elementor-element-8461df2 elementor-widget elementor-widget-text-editor\" data-id=\"8461df2\" data-element_type=\"widget\" data-widget_type=\"text-editor.default\">\n\t\t\t\t<div class=\"elementor-widget-container\">\n\t\t\t\t\t\t\t<h2>Presupuesto expr\u00e9s gratuito<\/h2>\n<style>\r\n.align_center {\r\n    display: block;\r\n    text-align: center;\r\n    padding: 30px 0px;\r\n}\r\n<\/style>\r\n\r\n<div>\r\n\t<h2 class=\"align_center\">Presupuesto r\u00e1pido gratuito<\/h2>\r\n<iframe src=\"https:\/\/app.metocrm.com\/web-forms\/e1cab5bd-ef56-4a37-aa71-4857d931f368\"  height=\"800px\" width=\"100%\"  frameborder=\"0\" style=\"border-radius: 10px;\"><\/iframe>\r\n\r\n<\/div>\t\t\t\t\t\t<\/div>\n\t\t\t\t<\/div>\n\t\t\t\t\t<\/div>\n\t\t<\/div>\n\t\t\t\t<div class=\"elementor-column elementor-col-33 elementor-top-column elementor-element elementor-element-4a143dc\" data-id=\"4a143dc\" data-element_type=\"column\">\n\t\t\t<div class=\"elementor-widget-wrap elementor-element-populated\">\n\t\t\t\t\t\t<div class=\"elementor-element elementor-element-cc240a0 elementor-widget elementor-widget-image\" data-id=\"cc240a0\" data-element_type=\"widget\" data-widget_type=\"image.default\">\n\t\t\t\t<div class=\"elementor-widget-container\">\n\t\t\t\t\t\t\t\t\t\t\t\t\t<img fetchpriority=\"high\" decoding=\"async\" width=\"508\" height=\"554\" src=\"https:\/\/www.la-chirurgie-esthetique-maroc.com\/wp-content\/uploads\/2022\/01\/la-chirurgie-esthetique-maroc_devis-1.webp\" class=\"attachment-large size-large wp-image-6422\" alt=\"\" srcset=\"https:\/\/www.la-chirurgie-esthetique-maroc.com\/wp-content\/uploads\/2022\/01\/la-chirurgie-esthetique-maroc_devis-1.webp 508w, https:\/\/www.la-chirurgie-esthetique-maroc.com\/wp-content\/uploads\/2022\/01\/la-chirurgie-esthetique-maroc_devis-1-275x300.webp 275w\" sizes=\"(max-width: 508px) 100vw, 508px\" \/>\t\t\t\t\t\t\t\t\t\t\t\t\t<\/div>\n\t\t\t\t<\/div>\n\t\t\t\t\t<\/div>\n\t\t<\/div>\n\t\t\t\t\t<\/div>\n\t\t<\/section>\n\t\t\t\t<section class=\"elementor-section elementor-top-section elementor-element elementor-element-1cd4075 bg-color forme_1  elementor-section-boxed elementor-section-height-default elementor-section-height-default\" data-id=\"1cd4075\" data-element_type=\"section\">\n\t\t\t\t\t\t<div class=\"elementor-container elementor-column-gap-default\">\n\t\t\t\t\t<div class=\"elementor-column elementor-col-100 elementor-top-column elementor-element elementor-element-faa20e4\" data-id=\"faa20e4\" data-element_type=\"column\">\n\t\t\t<div class=\"elementor-widget-wrap elementor-element-populated\">\n\t\t\t\t\t\t<div class=\"elementor-element elementor-element-a054f4d elementor-widget elementor-widget-text-editor\" data-id=\"a054f4d\" data-element_type=\"widget\" data-widget_type=\"text-editor.default\">\n\t\t\t\t<div class=\"elementor-widget-container\">\n\t\t\t\t\t\t\t<h2>\u00bfCu\u00e1nto cuesta una sesi\u00f3n de depilaci\u00f3n l\u00e1ser?<\/h2>\nEl precio de una sesi\u00f3n de<strong>depilaci\u00f3n l\u00e1ser en<\/strong> Marruecos puede variar en funci\u00f3n del paciente. En efecto, el coste depende de muchos factores, como el n\u00famero y las zonas a depilar, las tarifas exclusivas de las cl\u00ednicas, etc. Adem\u00e1s, puede solicitar un presupuesto personalizado y detallado de los costes previstos de su depilaci\u00f3n l\u00e1ser.\n\t\t\t\t\t\t<\/div>\n\t\t\t\t<\/div>\n\t\t\t\t<div class=\"elementor-element elementor-element-95e2e1f center elementor-widget elementor-widget-html\" data-id=\"95e2e1f\" data-element_type=\"widget\" data-widget_type=\"html.default\">\n\t\t\t\t<div class=\"elementor-widget-container\">\n\t\t\t<div class=\"btn_devis\"><a href=\"https:\/\/www.la-chirurgie-esthetique-maroc.com\/es\/cita\/\"><span>Presupuesto gratuito depilaci\u00f3n l\u00e1ser Marruecos<\/span><\/a><\/div>\t\t<\/div>\n\t\t\t\t<\/div>\n\t\t\t\t<div class=\"elementor-element elementor-element-35a1b66 elementor-widget elementor-widget-text-editor\" data-id=\"35a1b66\" data-element_type=\"widget\" data-widget_type=\"text-editor.default\">\n\t\t\t\t<div class=\"elementor-widget-container\">\n\t\t\t\t\t\t\t\n\n<h2>\u00bfQu\u00e9 es la depilaci\u00f3n l\u00e1ser en Marruecos?<\/h2>\nLa<strong>depilaci\u00f3n l\u00e1ser Marruecos<\/strong> es una t\u00e9cnica que permite deshacerse del vello para siempre. Este tratamiento es muy eficaz, casi indoloro y destruye aproximadamente el 90% del vello del paciente.\n\nS\u00f3lo los pelos con suficiente melanina pueden eliminarse mediante depilaci\u00f3n l\u00e1ser permanente. Por lo tanto, no se puede tratar el pelo rojo, rubio o blanco. Esto se debe a que la melanina del vello atrae el haz de luz y transforma la energ\u00eda l\u00e1ser en calor. Esto conduce a la destrucci\u00f3n de la bombilla.\n\nLas partes del cuerpo m\u00e1s solicitadas en las mujeres son la cara (frente, p\u00f3mulos, labios, etc.), las piernas, la l\u00ednea del bikini, los brazos y las axilas. En el caso de los hombres, la cara tambi\u00e9n est\u00e1 muy solicitada para la<strong>depilaci\u00f3n l\u00e1ser<\/strong> (barba, cuello, etc.), pero no olvidemos el pecho y la espalda.\t\t\t\t\t\t<\/div>\n\t\t\t\t<\/div>\n\t\t\t\t\t<\/div>\n\t\t<\/div>\n\t\t\t\t\t<\/div>\n\t\t<\/section>\n\t\t\t\t<section class=\"elementor-section elementor-top-section elementor-element elementor-element-504aeb79 elementor-section-boxed elementor-section-height-default elementor-section-height-default\" data-id=\"504aeb79\" data-element_type=\"section\">\n\t\t\t\t\t\t<div class=\"elementor-container elementor-column-gap-default\">\n\t\t\t\t\t<div class=\"elementor-column elementor-col-100 elementor-top-column elementor-element elementor-element-3542d99c\" data-id=\"3542d99c\" data-element_type=\"column\">\n\t\t\t<div class=\"elementor-widget-wrap elementor-element-populated\">\n\t\t\t\t\t\t<div class=\"elementor-element elementor-element-7999e6cf elementor-widget elementor-widget-text-editor\" data-id=\"7999e6cf\" data-element_type=\"widget\" data-widget_type=\"text-editor.default\">\n\t\t\t\t<div class=\"elementor-widget-container\">\n\t\t\t\t\t\t\t<h2>\u00bfCu\u00e1les son los distintos l\u00e1seres de depilaci\u00f3n?<\/h2>\nExisten muchos tipos de l\u00e1ser para la <strong>depilaci\u00f3n permanente<\/strong>. Pero en Marruecos se utilizan habitualmente tres (3) tipos de l\u00e1ser:\n<h3>El l\u00e1ser Alejandrita<\/h3>\nGracias a su longitud de onda de 755 nm a intensidad moderada, es especialmente eficaz contra el vello de alto contraste: vello negro sobre piel blanca. En este contexto, su eficacia est\u00e1 demostrada. Esto es probablemente lo que lo convierte en el l\u00e1ser m\u00e1s utilizado del mercado.\n<h3>El l\u00e1ser ND-YAG<\/h3>\nEs el est\u00e1ndar de oro para las pieles oscuras, morenas y asi\u00e1ticas. Su longitud de onda de 1064 nm le permite traspasar la epidermis y penetrar en profundidad. Por lo tanto, el l\u00e1ser ND Yag ofrece una depilaci\u00f3n permanente para los tipos de piel m\u00e1s oscuros, cosa que no hace el l\u00e1ser Alejandrita.\n<h3>El l\u00e1ser de diodo :<\/h3>\nEste l\u00e1ser, que opera en un espectro de longitud de onda de 810 a 980 nm que se adaptar\u00e1 muy individualmente a cada tipo de paciente, es un compromiso ideal entre el l\u00e1ser Alejandrita y el Nd Yag para tratar todos los tipos de piel. Es el l\u00e1ser m\u00e1s vers\u00e1til del mercado.\n\t\t\t\t\t\t<\/div>\n\t\t\t\t<\/div>\n\t\t\t\t\t<\/div>\n\t\t<\/div>\n\t\t\t\t\t<\/div>\n\t\t<\/section>\n\t\t\t\t<section class=\"elementor-section elementor-top-section elementor-element elementor-element-26f6741 bg-color forme_1  elementor-section-boxed elementor-section-height-default elementor-section-height-default\" data-id=\"26f6741\" data-element_type=\"section\">\n\t\t\t\t\t\t<div class=\"elementor-container elementor-column-gap-default\">\n\t\t\t\t\t<div class=\"elementor-column elementor-col-100 elementor-top-column elementor-element elementor-element-1532e7b\" data-id=\"1532e7b\" data-element_type=\"column\">\n\t\t\t<div class=\"elementor-widget-wrap elementor-element-populated\">\n\t\t\t\t\t\t<div class=\"elementor-element elementor-element-4ef9a0f elementor-widget elementor-widget-text-editor\" data-id=\"4ef9a0f\" data-element_type=\"widget\" data-widget_type=\"text-editor.default\">\n\t\t\t\t<div class=\"elementor-widget-container\">\n\t\t\t\t\t\t\t<h2>\u00bfC\u00f3mo funciona una sesi\u00f3n de depilaci\u00f3n l\u00e1ser?<\/h2>\nEl n\u00famero de sesiones var\u00eda en funci\u00f3n del crecimiento del vello y de la zona a tratar, tanto para hombres como para mujeres.\n\nPor ejemplo, para eliminar permanentemente el vello de las axilas de un hombre, se necesitan entre 8 y 10 sesiones de unos 10 a 15 minutos cada una. En cambio, el mismo procedimiento para las mujeres s\u00f3lo requiere de 6 a 8 sesiones de una duraci\u00f3n media de 10 minutos.\n\nAntes de cualquier depilaci\u00f3n l\u00e1ser definitiva, el profesional le recibir\u00e1 durante la primera consulta para conocer su historial y descartar ciertas contraindicaciones que podr\u00edan impedirle someterse a este procedimiento. Tambi\u00e9n es una oportunidad para que compruebe tu piel, tu pelo y tambi\u00e9n el fototipo (tu piel es clara, oscura, etc.).\n\nSu m\u00e9dico tambi\u00e9n le dar\u00e1 algunas recomendaciones para que el <strong>proceso de depilaci\u00f3n l\u00e1ser transcurra sin contratiempos<\/strong>.\n\nEl d\u00eda de la sesi\u00f3n, el m\u00e9dico examinar\u00e1 primero su piel en busca de lesiones o herpes que pudieran retrasar el procedimiento. Si comprueba que la zona a depilar no ha sido afeitada previamente, la afeita \u00e9l mismo.\n\nEl profesional le proporcionar\u00e1 unas gafas que deber\u00e1 llevar durante el tratamiento para proteger sus ojos. A continuaci\u00f3n, marca la zona de tratamiento con un l\u00e1piz blanco y ajusta el l\u00e1ser al crecimiento de tu piel y tu vello. Luego escanea la zona con el pu\u00f1o.\n\nAl final de la sesi\u00f3n, el especialista aplica una crema hidratante en la garganta para calmar la piel y reducir el dolor.\n\t\t\t\t\t\t<\/div>\n\t\t\t\t<\/div>\n\t\t\t\t<div class=\"elementor-element elementor-element-9bd8fc2 center elementor-widget elementor-widget-html\" data-id=\"9bd8fc2\" data-element_type=\"widget\" data-widget_type=\"html.default\">\n\t\t\t\t<div class=\"elementor-widget-container\">\n\t\t\t<div class=\"btn_devis\"><a href=\"https:\/\/www.la-chirurgie-esthetique-maroc.com\/es\/cita\/\"><span>Presupuesto gratuito con precio barato para depilaci\u00f3n l\u00e1ser<\/span><\/a><\/div>\t\t<\/div>\n\t\t\t\t<\/div>\n\t\t\t\t<div class=\"elementor-element elementor-element-749d92a elementor-widget elementor-widget-text-editor\" data-id=\"749d92a\" data-element_type=\"widget\" data-widget_type=\"text-editor.default\">\n\t\t\t\t<div class=\"elementor-widget-container\">\n\t\t\t\t\t\t\t\n\n<h2>\u00bfQu\u00e9 esperar despu\u00e9s de una sesi\u00f3n?<\/h2>\nLa depilaci\u00f3n l\u00e1ser no tiene efectos particulares si la realiza un profesional experimentado. Es posible que note cierto enrojecimiento en las zonas tratadas, pero se puede reducir r\u00e1pidamente aplicando cremas calmantes. Las personas de piel m\u00e1s oscura deben tener m\u00e1s cuidado para evitar cicatrices pigmentadas, aunque \u00e9stas siempre son reversibles. El tratamiento es r\u00e1pidamente eficaz en 2-3 sesiones. Sin embargo, deben pasar de 6 a 8 semanas antes de que se pueda considerar una nueva sesi\u00f3n.\n\nDespu\u00e9s de un tratamiento de depilaci\u00f3n l\u00e1ser, est\u00e1 prohibido exponerse al sol durante el mes siguiente.\t\t\t\t\t\t<\/div>\n\t\t\t\t<\/div>\n\t\t\t\t\t<\/div>\n\t\t<\/div>\n\t\t\t\t\t<\/div>\n\t\t<\/section>\n\t\t\t\t<section class=\"elementor-section elementor-top-section elementor-element elementor-element-eb3ac3f elementor-section-boxed elementor-section-height-default elementor-section-height-default\" data-id=\"eb3ac3f\" data-element_type=\"section\">\n\t\t\t\t\t\t<div class=\"elementor-container elementor-column-gap-default\">\n\t\t\t\t\t<div class=\"elementor-column elementor-col-66 elementor-top-column elementor-element elementor-element-a06dd71 align_content_center\" data-id=\"a06dd71\" data-element_type=\"column\">\n\t\t\t<div class=\"elementor-widget-wrap elementor-element-populated\">\n\t\t\t\t\t\t<div class=\"elementor-element elementor-element-d91c809 elementor-widget elementor-widget-text-editor\" data-id=\"d91c809\" data-element_type=\"widget\" data-widget_type=\"text-editor.default\">\n\t\t\t\t<div class=\"elementor-widget-container\">\n\t\t\t\t\t\t\t<h2>\u00bfC\u00f3mo se ven los resultados?<\/h2>\nEl n\u00famero de sesiones de depilaci\u00f3n l\u00e1ser depende de la zona del paciente, de la densidad del vello y de las expectativas del paciente respecto al tratamiento.\n\nEntre cada sesi\u00f3n, el vello crece menos, menos grueso y m\u00e1s espacioso. El tratamiento eliminar\u00e1 de forma permanente alrededor del 90% del vello. A veces merece la pena someterse a una sesi\u00f3n de mantenimiento al a\u00f1o despu\u00e9s del tratamiento para el resto del vello debilitado. La<strong>depilaci\u00f3n l\u00e1ser permanente<\/strong> puede mejorar significativamente la comodidad del paciente. Ya no necesitan afeitarse cada ma\u00f1ana ni depilarse cada quince d\u00edas.\n\nLos resultados suelen ser definitivos, pero puede haber excepciones. Adem\u00e1s, los resultados son visibles desde la primera sesi\u00f3n, pero es necesario esperar al menos 4 sesiones para obtener un resultado est\u00e9tico. Necesitar\u00e1 de 6 a 8 sesiones para las mujeres y de 8 a 10 sesiones para los hombres en intervalos de 4 a 8 semanas. Suele ser necesario un m\u00ednimo de diez sesiones para lograr un resultado final.\t\t\t\t\t\t<\/div>\n\t\t\t\t<\/div>\n\t\t\t\t\t<\/div>\n\t\t<\/div>\n\t\t\t\t<div class=\"elementor-column elementor-col-33 elementor-top-column elementor-element elementor-element-167fd8b align_content_center\" data-id=\"167fd8b\" data-element_type=\"column\">\n\t\t\t<div class=\"elementor-widget-wrap elementor-element-populated\">\n\t\t\t\t\t\t<div class=\"elementor-element elementor-element-c63c594 elementor-widget elementor-widget-text-editor\" data-id=\"c63c594\" data-element_type=\"widget\" data-widget_type=\"text-editor.default\">\n\t\t\t\t<div class=\"elementor-widget-container\">\n\t\t\t\t\t\t\t<p><img decoding=\"async\" class=\"aligncenter\" src=\"https:\/\/www.la-chirurgie-esthetique-maroc.com\/wp-content\/uploads\/2022\/01\/epilation-laser-au-Maroc.webp\" alt=\"Depilaci\u00f3n l\u00e1ser en Marruecos\"><\/p>\n\t\t\t\t\t\t<\/div>\n\t\t\t\t<\/div>\n\t\t\t\t\t<\/div>\n\t\t<\/div>\n\t\t\t\t\t<\/div>\n\t\t<\/section>\n\t\t\t\t<section class=\"elementor-section elementor-top-section elementor-element elementor-element-eb7db65 center elementor-section-boxed elementor-section-height-default elementor-section-height-default\" data-id=\"eb7db65\" data-element_type=\"section\">\n\t\t\t\t\t\t<div class=\"elementor-container elementor-column-gap-default\">\n\t\t\t\t\t<div class=\"elementor-column elementor-col-100 elementor-top-column elementor-element elementor-element-74e4c09\" data-id=\"74e4c09\" data-element_type=\"column\">\n\t\t\t<div class=\"elementor-widget-wrap elementor-element-populated\">\n\t\t\t\t\t\t<div class=\"elementor-element elementor-element-c49dcab elementor-widget elementor-widget-html\" data-id=\"c49dcab\" data-element_type=\"widget\" data-widget_type=\"html.default\">\n\t\t\t\t<div class=\"elementor-widget-container\">\n\t\t\t<div class=\"btn_devis btn_intern\"><a href=\"https:\/\/www.la-chirurgie-esthetique-maroc.com\/es\/cita\/\"><span>Presupuesto gratuito<\/span><\/a><\/div>\t\t<\/div>\n\t\t\t\t<\/div>\n\t\t\t\t\t<\/div>\n\t\t<\/div>\n\t\t\t\t\t<\/div>\n\t\t<\/section>\n\t\t\t\t<\/div>\n\t\t","protected":false},"excerpt":{"rendered":"<p>Si quiere deshacerse del vello para siempre, ladepilaci\u00f3n l\u00e1ser Marruecos es para usted, sea cual sea su tipo de piel y color de vello. Descubra c\u00f3mo funciona el procedimiento y qu\u00e9 resultados obtendr\u00e1 de \u00e9l, haci\u00e9ndose la depilaci\u00f3n l\u00e1ser en Marruecos. Presupuesto expr\u00e9s gratuito \u00bfCu\u00e1nto cuesta una sesi\u00f3n de depilaci\u00f3n l\u00e1ser? El precio de una [&hellip;]<\/p>\n","protected":false},"author":2,"featured_media":6437,"parent":0,"menu_order":0,"comment_status":"closed","ping_status":"closed","template":"","meta":{"footnotes":""},"class_list":["post-6924","page","type-page","status-publish","has-post-thumbnail","hentry"],"yoast_head":"<!-- This site is optimized with the Yoast SEO plugin v27.4 - https:\/\/yoast.com\/product\/yoast-seo-wordpress\/ -->\n<title>Depilaci\u00f3n l\u00e1ser Marruecos : Precios depilaci\u00f3n definitiva barata<\/title>\n<meta name=\"description\" content=\"Depilaci\u00f3n l\u00e1ser Marruecos: tratamiento de medicina est\u00e9tica para la eliminaci\u00f3n permanente del vello. Precios baratos con presupuesto gratuito.\" \/>\n<meta name=\"robots\" content=\"index, follow, max-snippet:-1, max-image-preview:large, max-video-preview:-1\" \/>\n<link rel=\"canonical\" href=\"https:\/\/www.la-chirurgie-esthetique-maroc.com\/es\/depilacion-laser\/\" \/>\n<meta property=\"og:locale\" content=\"es_ES\" \/>\n<meta property=\"og:type\" content=\"article\" \/>\n<meta property=\"og:title\" content=\"Depilaci\u00f3n l\u00e1ser Marruecos : Precios depilaci\u00f3n definitiva barata\" \/>\n<meta property=\"og:description\" content=\"Depilaci\u00f3n l\u00e1ser Marruecos: tratamiento de medicina est\u00e9tica para la eliminaci\u00f3n permanente del vello. Precios baratos con presupuesto gratuito.\" \/>\n<meta property=\"og:url\" content=\"https:\/\/www.la-chirurgie-esthetique-maroc.com\/es\/depilacion-laser\/\" \/>\n<meta property=\"og:site_name\" content=\"Chirurgie esthetique Maroc\" \/>\n<meta property=\"article:modified_time\" content=\"2023-05-29T10:04:27+00:00\" \/>\n<meta property=\"og:image\" content=\"https:\/\/www.la-chirurgie-esthetique-maroc.com\/wp-content\/uploads\/2022\/01\/header_medecin_-esthetique.webp\" \/>\n\t<meta property=\"og:image:width\" content=\"552\" \/>\n\t<meta property=\"og:image:height\" content=\"612\" \/>\n\t<meta property=\"og:image:type\" content=\"image\/webp\" \/>\n<meta name=\"twitter:card\" content=\"summary_large_image\" \/>\n<meta name=\"twitter:label1\" content=\"Tiempo de lectura\" \/>\n\t<meta name=\"twitter:data1\" content=\"6 minutos\" \/>\n<!-- \/ Yoast SEO plugin. -->","yoast_head_json":{"title":"Depilaci\u00f3n l\u00e1ser Marruecos : Precios depilaci\u00f3n definitiva barata","description":"Depilaci\u00f3n l\u00e1ser Marruecos: tratamiento de medicina est\u00e9tica para la eliminaci\u00f3n permanente del vello. Precios baratos con presupuesto gratuito.","robots":{"index":"index","follow":"follow","max-snippet":"max-snippet:-1","max-image-preview":"max-image-preview:large","max-video-preview":"max-video-preview:-1"},"canonical":"https:\/\/www.la-chirurgie-esthetique-maroc.com\/es\/depilacion-laser\/","og_locale":"es_ES","og_type":"article","og_title":"Depilaci\u00f3n l\u00e1ser Marruecos : Precios depilaci\u00f3n definitiva barata","og_description":"Depilaci\u00f3n l\u00e1ser Marruecos: tratamiento de medicina est\u00e9tica para la eliminaci\u00f3n permanente del vello. Precios baratos con presupuesto gratuito.","og_url":"https:\/\/www.la-chirurgie-esthetique-maroc.com\/es\/depilacion-laser\/","og_site_name":"Chirurgie esthetique Maroc","article_modified_time":"2023-05-29T10:04:27+00:00","og_image":[{"width":552,"height":612,"url":"https:\/\/www.la-chirurgie-esthetique-maroc.com\/wp-content\/uploads\/2022\/01\/header_medecin_-esthetique.webp","type":"image\/webp"}],"twitter_card":"summary_large_image","twitter_misc":{"Tiempo de lectura":"6 minutos"},"schema":{"@context":"https:\/\/schema.org","@graph":[{"@type":"WebPage","@id":"https:\/\/www.la-chirurgie-esthetique-maroc.com\/es\/depilacion-laser\/","url":"https:\/\/www.la-chirurgie-esthetique-maroc.com\/es\/depilacion-laser\/","name":"Depilaci\u00f3n l\u00e1ser Marruecos : Precios depilaci\u00f3n definitiva barata","isPartOf":{"@id":"https:\/\/www.la-chirurgie-esthetique-maroc.com\/es\/#website"},"primaryImageOfPage":{"@id":"https:\/\/www.la-chirurgie-esthetique-maroc.com\/es\/depilacion-laser\/#primaryimage"},"image":{"@id":"https:\/\/www.la-chirurgie-esthetique-maroc.com\/es\/depilacion-laser\/#primaryimage"},"thumbnailUrl":"https:\/\/www.la-chirurgie-esthetique-maroc.com\/wp-content\/uploads\/2022\/01\/header_medecin_-esthetique.webp","datePublished":"2021-08-31T11:06:21+00:00","dateModified":"2023-05-29T10:04:27+00:00","description":"Depilaci\u00f3n l\u00e1ser Marruecos: tratamiento de medicina est\u00e9tica para la eliminaci\u00f3n permanente del vello. Precios baratos con presupuesto gratuito.","breadcrumb":{"@id":"https:\/\/www.la-chirurgie-esthetique-maroc.com\/es\/depilacion-laser\/#breadcrumb"},"inLanguage":"es","potentialAction":[{"@type":"ReadAction","target":["https:\/\/www.la-chirurgie-esthetique-maroc.com\/es\/depilacion-laser\/"]}]},{"@type":"ImageObject","inLanguage":"es","@id":"https:\/\/www.la-chirurgie-esthetique-maroc.com\/es\/depilacion-laser\/#primaryimage","url":"https:\/\/www.la-chirurgie-esthetique-maroc.com\/wp-content\/uploads\/2022\/01\/header_medecin_-esthetique.webp","contentUrl":"https:\/\/www.la-chirurgie-esthetique-maroc.com\/wp-content\/uploads\/2022\/01\/header_medecin_-esthetique.webp","width":552,"height":612},{"@type":"BreadcrumbList","@id":"https:\/\/www.la-chirurgie-esthetique-maroc.com\/es\/depilacion-laser\/#breadcrumb","itemListElement":[{"@type":"ListItem","position":1,"name":"Accueil","item":"https:\/\/www.la-chirurgie-esthetique-maroc.com\/es\/"},{"@type":"ListItem","position":2,"name":"Depilaci\u00f3n l\u00e1ser Marruecos: depilaci\u00f3n l\u00e1ser permanente"}]},{"@type":"WebSite","@id":"https:\/\/www.la-chirurgie-esthetique-maroc.com\/es\/#website","url":"https:\/\/www.la-chirurgie-esthetique-maroc.com\/es\/","name":"Chirurgie esthetique Maroc","description":"","publisher":{"@id":"https:\/\/www.la-chirurgie-esthetique-maroc.com\/es\/#organization"},"potentialAction":[{"@type":"SearchAction","target":{"@type":"EntryPoint","urlTemplate":"https:\/\/www.la-chirurgie-esthetique-maroc.com\/es\/?s={search_term_string}"},"query-input":{"@type":"PropertyValueSpecification","valueRequired":true,"valueName":"search_term_string"}}],"inLanguage":"es"},{"@type":"Organization","@id":"https:\/\/www.la-chirurgie-esthetique-maroc.com\/es\/#organization","name":"Chirurgie esthetique Maroc","url":"https:\/\/www.la-chirurgie-esthetique-maroc.com\/es\/","logo":{"@type":"ImageObject","inLanguage":"es","@id":"https:\/\/www.la-chirurgie-esthetique-maroc.com\/es\/#\/schema\/logo\/image\/","url":"https:\/\/www.la-chirurgie-esthetique-maroc.com\/wp-content\/uploads\/2022\/01\/cem3.png","contentUrl":"https:\/\/www.la-chirurgie-esthetique-maroc.com\/wp-content\/uploads\/2022\/01\/cem3.png","width":125,"height":41,"caption":"Chirurgie esthetique Maroc"},"image":{"@id":"https:\/\/www.la-chirurgie-esthetique-maroc.com\/es\/#\/schema\/logo\/image\/"}}]}},"_links":{"self":[{"href":"https:\/\/www.la-chirurgie-esthetique-maroc.com\/es\/wp-json\/wp\/v2\/pages\/6924","targetHints":{"allow":["GET"]}}],"collection":[{"href":"https:\/\/www.la-chirurgie-esthetique-maroc.com\/es\/wp-json\/wp\/v2\/pages"}],"about":[{"href":"https:\/\/www.la-chirurgie-esthetique-maroc.com\/es\/wp-json\/wp\/v2\/types\/page"}],"author":[{"embeddable":true,"href":"https:\/\/www.la-chirurgie-esthetique-maroc.com\/es\/wp-json\/wp\/v2\/users\/2"}],"replies":[{"embeddable":true,"href":"https:\/\/www.la-chirurgie-esthetique-maroc.com\/es\/wp-json\/wp\/v2\/comments?post=6924"}],"version-history":[{"count":7,"href":"https:\/\/www.la-chirurgie-esthetique-maroc.com\/es\/wp-json\/wp\/v2\/pages\/6924\/revisions"}],"predecessor-version":[{"id":8014,"href":"https:\/\/www.la-chirurgie-esthetique-maroc.com\/es\/wp-json\/wp\/v2\/pages\/6924\/revisions\/8014"}],"wp:featuredmedia":[{"embeddable":true,"href":"https:\/\/www.la-chirurgie-esthetique-maroc.com\/es\/wp-json\/wp\/v2\/media\/6437"}],"wp:attachment":[{"href":"https:\/\/www.la-chirurgie-esthetique-maroc.com\/es\/wp-json\/wp\/v2\/media?parent=6924"}],"curies":[{"name":"wp","href":"https:\/\/api.w.org\/{rel}","templated":true}]}}