{"id":6935,"date":"2018-05-10T12:19:46","date_gmt":"2018-05-10T10:19:46","guid":{"rendered":"https:\/\/www.la-chirurgie-esthetique-maroc.com\/prp-capilar-marruecos\/"},"modified":"2024-02-22T13:53:01","modified_gmt":"2024-02-22T12:53:01","slug":"prp-capilar","status":"publish","type":"page","link":"https:\/\/www.la-chirurgie-esthetique-maroc.com\/es\/prp-capilar\/","title":{"rendered":"PRP capilar Marruecos"},"content":{"rendered":"\t\t<div data-elementor-type=\"wp-page\" data-elementor-id=\"6935\" class=\"elementor elementor-6935 elementor-1595\">\n\t\t\t\t\t\t<section class=\"elementor-section elementor-top-section elementor-element elementor-element-5d32dc9 elementor-section-boxed elementor-section-height-default elementor-section-height-default\" data-id=\"5d32dc9\" data-element_type=\"section\">\n\t\t\t\t\t\t<div class=\"elementor-container elementor-column-gap-default\">\n\t\t\t\t\t<div class=\"elementor-column elementor-col-100 elementor-top-column elementor-element elementor-element-8275d69\" data-id=\"8275d69\" data-element_type=\"column\">\n\t\t\t<div class=\"elementor-widget-wrap elementor-element-populated\">\n\t\t\t\t\t\t<div class=\"elementor-element elementor-element-bb8eee0 elementor-widget elementor-widget-text-editor\" data-id=\"bb8eee0\" data-element_type=\"widget\" data-widget_type=\"text-editor.default\">\n\t\t\t\t<div class=\"elementor-widget-container\">\n\t\t\t\t\t\t\tEl <strong>PRP capilar Marruecos <\/strong>es una t\u00e9cnica de cirug\u00eda capilar que permite realizar un trasplante capilar sin cirug\u00eda. La inyecci\u00f3n de plasma rico en plaquetas en el cuero cabelludo ayuda a frenar la ca\u00edda del cabello y favorece su crecimiento o recrecimiento. As\u00ed pues, <strong>el PRP capilar<\/strong> puede utilizarse para tratar tanto los problemas de ca\u00edda del cabello como la calvicie incipiente.\n<h2>Precios del PRP capilar en Marruecos<\/h2>\nEl <strong>precio del PRP capilar Marruecos <\/strong>se fija en funci\u00f3n de la sesi\u00f3n. Para un tratamiento completo, el paciente puede solicitar un presupuesto gratuito en l\u00ednea, as\u00ed como el precio en dinares.\t\t\t\t\t\t<\/div>\n\t\t\t\t<\/div>\n\t\t\t\t\t<\/div>\n\t\t<\/div>\n\t\t\t\t\t<\/div>\n\t\t<\/section>\n\t\t\t\t<section class=\"elementor-section elementor-top-section elementor-element elementor-element-be84151 elementor-section-boxed elementor-section-height-default elementor-section-height-default\" data-id=\"be84151\" data-element_type=\"section\">\n\t\t\t\t\t\t<div class=\"elementor-container elementor-column-gap-default\">\n\t\t\t\t\t<div class=\"elementor-column elementor-col-66 elementor-top-column elementor-element elementor-element-6972fc5\" data-id=\"6972fc5\" data-element_type=\"column\">\n\t\t\t<div class=\"elementor-widget-wrap elementor-element-populated\">\n\t\t\t\t\t\t<div class=\"elementor-element elementor-element-6671e16 elementor-widget elementor-widget-text-editor\" data-id=\"6671e16\" data-element_type=\"widget\" data-widget_type=\"text-editor.default\">\n\t\t\t\t<div class=\"elementor-widget-container\">\n\t\t\t\t\t\t\t<h2>Presupuesto expr\u00e9s gratuito<\/h2>\n<style>\r\n.align_center {\r\n    display: block;\r\n    text-align: center;\r\n    padding: 30px 0px;\r\n}\r\n<\/style>\r\n\r\n<div>\r\n\t<h2 class=\"align_center\">Presupuesto r\u00e1pido gratuito<\/h2>\r\n<iframe src=\"https:\/\/app.metocrm.com\/web-forms\/e1cab5bd-ef56-4a37-aa71-4857d931f368\"  height=\"800px\" width=\"100%\"  frameborder=\"0\" style=\"border-radius: 10px;\"><\/iframe>\r\n\r\n<\/div>\t\t\t\t\t\t<\/div>\n\t\t\t\t<\/div>\n\t\t\t\t\t<\/div>\n\t\t<\/div>\n\t\t\t\t<div class=\"elementor-column elementor-col-33 elementor-top-column elementor-element elementor-element-91ac0d3\" data-id=\"91ac0d3\" data-element_type=\"column\">\n\t\t\t<div class=\"elementor-widget-wrap elementor-element-populated\">\n\t\t\t\t\t\t<div class=\"elementor-element elementor-element-5913475 elementor-widget elementor-widget-image\" data-id=\"5913475\" data-element_type=\"widget\" data-widget_type=\"image.default\">\n\t\t\t\t<div class=\"elementor-widget-container\">\n\t\t\t\t\t\t\t\t\t\t\t\t\t<img fetchpriority=\"high\" decoding=\"async\" width=\"508\" height=\"554\" src=\"https:\/\/www.la-chirurgie-esthetique-maroc.com\/wp-content\/uploads\/2022\/01\/la-chirurgie-esthetique-maroc_devis-1.webp\" class=\"attachment-large size-large wp-image-6422\" alt=\"\" srcset=\"https:\/\/www.la-chirurgie-esthetique-maroc.com\/wp-content\/uploads\/2022\/01\/la-chirurgie-esthetique-maroc_devis-1.webp 508w, https:\/\/www.la-chirurgie-esthetique-maroc.com\/wp-content\/uploads\/2022\/01\/la-chirurgie-esthetique-maroc_devis-1-275x300.webp 275w\" sizes=\"(max-width: 508px) 100vw, 508px\" \/>\t\t\t\t\t\t\t\t\t\t\t\t\t<\/div>\n\t\t\t\t<\/div>\n\t\t\t\t\t<\/div>\n\t\t<\/div>\n\t\t\t\t\t<\/div>\n\t\t<\/section>\n\t\t\t\t<section class=\"elementor-section elementor-top-section elementor-element elementor-element-1180c5ce elementor-section-boxed elementor-section-height-default elementor-section-height-default\" data-id=\"1180c5ce\" data-element_type=\"section\">\n\t\t\t\t\t\t<div class=\"elementor-container elementor-column-gap-default\">\n\t\t\t\t\t<div class=\"elementor-column elementor-col-100 elementor-top-column elementor-element elementor-element-38344b84\" data-id=\"38344b84\" data-element_type=\"column\">\n\t\t\t<div class=\"elementor-widget-wrap elementor-element-populated\">\n\t\t\t\t\t\t<div class=\"elementor-element elementor-element-578b8b4c elementor-widget elementor-widget-text-editor\" data-id=\"578b8b4c\" data-element_type=\"widget\" data-widget_type=\"text-editor.default\">\n\t\t\t\t<div class=\"elementor-widget-container\">\n\t\t\t\t\t\t\t<h2>Procedimiento capilar PRP<\/h2>\nEl tratamiento de la ca\u00edda del cabello con <a href=\"https:\/\/www.la-chirurgie-esthetique-maroc.com\/es\/prp\/\">inyecciones de PRP<\/a> se realiza con anestesia local. El m\u00e9todo de tratamiento es <a href=\"https:\/\/www.la-chirurgie-esthetique-maroc.com\/es\/mesoterapia\/\">la mesoterapia<\/a>. Las inyecciones se aplican precisamente donde falta pelo.\n\nEl procedimiento comienza con la extracci\u00f3n de sangre del paciente, tras un an\u00e1lisis de sangre. A continuaci\u00f3n, la sangre recogida se procesa mediante centrifugaci\u00f3n. El resultado es el plasma inyectable rico en plaquetas. Para activar el PRP se utiliza un activador del ADN e iones de calcio. Por \u00faltimo, el PRP se inyecta en el cuero cabelludo con una aguja fina.\n\nUn tratamiento <strong>PRP capilar<\/strong> puede requerir unas 4 sesiones. Durante los primeros 6 meses, es necesario esperar aproximadamente 1 mes entre sesiones. A continuaci\u00f3n, puede realizarse un tratamiento de conservaci\u00f3n cada 6 meses.\n\nLa duraci\u00f3n de una sesi\u00f3n de PRP para el tratamiento capilar es de 30 minutos. <strong>PRP pelo en Marruecos <\/strong>tambi\u00e9n se puede utilizar en la cirug\u00eda capilar. En este caso, se utiliza con soluci\u00f3n salina como ba\u00f1o de almacenamiento para los injertos cosechados.\n<h2>Seguimiento capilar PRP<\/h2>\nTras un tratamiento <strong>capilar con PRP<\/strong>, el paciente puede esperar hinchaz\u00f3n, enrojecimiento en la zona tratada y una ligera inflamaci\u00f3n. Pero el paciente puede reanudar sus actividades inmediatamente.\n<h2>Resultados del PRP capilar<\/h2>\nLa<strong>inyecci\u00f3n de PRP capilar<\/strong> desempe\u00f1a varias funciones. El plasma rico en plaquetas ayuda a regenerar, estimular, revascularizar y reoxigenar el cuero cabelludo. Pero para evaluar su resultado definitivo en el tratamiento de la alopecia androg\u00e9nica en hombres o mujeres, se necesitan unas 4 sesiones.\t\t\t\t\t\t<\/div>\n\t\t\t\t<\/div>\n\t\t\t\t\t<\/div>\n\t\t<\/div>\n\t\t\t\t\t<\/div>\n\t\t<\/section>\n\t\t\t\t<section class=\"elementor-section elementor-top-section elementor-element elementor-element-e353c1e center elementor-section-boxed elementor-section-height-default elementor-section-height-default\" data-id=\"e353c1e\" data-element_type=\"section\">\n\t\t\t\t\t\t<div class=\"elementor-container elementor-column-gap-default\">\n\t\t\t\t\t<div class=\"elementor-column elementor-col-100 elementor-top-column elementor-element elementor-element-5944d2f\" data-id=\"5944d2f\" data-element_type=\"column\">\n\t\t\t<div class=\"elementor-widget-wrap elementor-element-populated\">\n\t\t\t\t\t\t<div class=\"elementor-element elementor-element-c43e5af elementor-widget elementor-widget-html\" data-id=\"c43e5af\" data-element_type=\"widget\" data-widget_type=\"html.default\">\n\t\t\t\t<div class=\"elementor-widget-container\">\n\t\t\t<div class=\"btn_devis btn_intern\"><a href=\"https:\/\/www.la-chirurgie-esthetique-maroc.com\/es\/cita\/\"><span>Presupuesto gratuito<\/span><\/a><\/div>\t\t<\/div>\n\t\t\t\t<\/div>\n\t\t\t\t\t<\/div>\n\t\t<\/div>\n\t\t\t\t\t<\/div>\n\t\t<\/section>\n\t\t\t\t<\/div>\n\t\t","protected":false},"excerpt":{"rendered":"<p>El PRP capilar Marruecos es una t\u00e9cnica de cirug\u00eda capilar que permite realizar un trasplante capilar sin cirug\u00eda. La inyecci\u00f3n de plasma rico en plaquetas en el cuero cabelludo ayuda a frenar la ca\u00edda del cabello y favorece su crecimiento o recrecimiento. As\u00ed pues, el PRP capilar puede utilizarse para tratar tanto los problemas de [&hellip;]<\/p>\n","protected":false},"author":2,"featured_media":6437,"parent":0,"menu_order":0,"comment_status":"closed","ping_status":"closed","template":"","meta":{"footnotes":""},"class_list":["post-6935","page","type-page","status-publish","has-post-thumbnail","hentry"],"yoast_head":"<!-- This site is optimized with the Yoast SEO plugin v27.4 - https:\/\/yoast.com\/product\/yoast-seo-wordpress\/ -->\n<title>PRP pelo Marruecos : precio barato para volver a crecer el pelo<\/title>\n<meta name=\"description\" content=\"PRP pelo Marruecos: tratamiento por inyecci\u00f3n de PRP para detener la ca\u00edda del cabello y promover el rebrote con un precio barato.\" \/>\n<meta name=\"robots\" content=\"index, follow, max-snippet:-1, max-image-preview:large, max-video-preview:-1\" \/>\n<link rel=\"canonical\" href=\"https:\/\/www.la-chirurgie-esthetique-maroc.com\/es\/prp-capilar\/\" \/>\n<meta property=\"og:locale\" content=\"es_ES\" \/>\n<meta property=\"og:type\" content=\"article\" \/>\n<meta property=\"og:title\" content=\"PRP pelo Marruecos : precio barato para volver a crecer el pelo\" \/>\n<meta property=\"og:description\" content=\"PRP pelo Marruecos: tratamiento por inyecci\u00f3n de PRP para detener la ca\u00edda del cabello y promover el rebrote con un precio barato.\" \/>\n<meta property=\"og:url\" content=\"https:\/\/www.la-chirurgie-esthetique-maroc.com\/es\/prp-capilar\/\" \/>\n<meta property=\"og:site_name\" content=\"Chirurgie esthetique Maroc\" \/>\n<meta property=\"article:modified_time\" content=\"2024-02-22T12:53:01+00:00\" \/>\n<meta property=\"og:image\" content=\"https:\/\/www.la-chirurgie-esthetique-maroc.com\/wp-content\/uploads\/2022\/01\/header_medecin_-esthetique.webp\" \/>\n\t<meta property=\"og:image:width\" content=\"552\" \/>\n\t<meta property=\"og:image:height\" content=\"612\" \/>\n\t<meta property=\"og:image:type\" content=\"image\/webp\" \/>\n<meta name=\"twitter:card\" content=\"summary_large_image\" \/>\n<meta name=\"twitter:label1\" content=\"Tiempo de lectura\" \/>\n\t<meta name=\"twitter:data1\" content=\"2 minutos\" \/>\n<!-- \/ Yoast SEO plugin. -->","yoast_head_json":{"title":"PRP pelo Marruecos : precio barato para volver a crecer el pelo","description":"PRP pelo Marruecos: tratamiento por inyecci\u00f3n de PRP para detener la ca\u00edda del cabello y promover el rebrote con un precio barato.","robots":{"index":"index","follow":"follow","max-snippet":"max-snippet:-1","max-image-preview":"max-image-preview:large","max-video-preview":"max-video-preview:-1"},"canonical":"https:\/\/www.la-chirurgie-esthetique-maroc.com\/es\/prp-capilar\/","og_locale":"es_ES","og_type":"article","og_title":"PRP pelo Marruecos : precio barato para volver a crecer el pelo","og_description":"PRP pelo Marruecos: tratamiento por inyecci\u00f3n de PRP para detener la ca\u00edda del cabello y promover el rebrote con un precio barato.","og_url":"https:\/\/www.la-chirurgie-esthetique-maroc.com\/es\/prp-capilar\/","og_site_name":"Chirurgie esthetique Maroc","article_modified_time":"2024-02-22T12:53:01+00:00","og_image":[{"width":552,"height":612,"url":"https:\/\/www.la-chirurgie-esthetique-maroc.com\/wp-content\/uploads\/2022\/01\/header_medecin_-esthetique.webp","type":"image\/webp"}],"twitter_card":"summary_large_image","twitter_misc":{"Tiempo de lectura":"2 minutos"},"schema":{"@context":"https:\/\/schema.org","@graph":[{"@type":"WebPage","@id":"https:\/\/www.la-chirurgie-esthetique-maroc.com\/es\/prp-capilar\/","url":"https:\/\/www.la-chirurgie-esthetique-maroc.com\/es\/prp-capilar\/","name":"PRP pelo Marruecos : precio barato para volver a crecer el pelo","isPartOf":{"@id":"https:\/\/www.la-chirurgie-esthetique-maroc.com\/es\/#website"},"primaryImageOfPage":{"@id":"https:\/\/www.la-chirurgie-esthetique-maroc.com\/es\/prp-capilar\/#primaryimage"},"image":{"@id":"https:\/\/www.la-chirurgie-esthetique-maroc.com\/es\/prp-capilar\/#primaryimage"},"thumbnailUrl":"https:\/\/www.la-chirurgie-esthetique-maroc.com\/wp-content\/uploads\/2022\/01\/header_medecin_-esthetique.webp","datePublished":"2018-05-10T10:19:46+00:00","dateModified":"2024-02-22T12:53:01+00:00","description":"PRP pelo Marruecos: tratamiento por inyecci\u00f3n de PRP para detener la ca\u00edda del cabello y promover el rebrote con un precio barato.","breadcrumb":{"@id":"https:\/\/www.la-chirurgie-esthetique-maroc.com\/es\/prp-capilar\/#breadcrumb"},"inLanguage":"es","potentialAction":[{"@type":"ReadAction","target":["https:\/\/www.la-chirurgie-esthetique-maroc.com\/es\/prp-capilar\/"]}]},{"@type":"ImageObject","inLanguage":"es","@id":"https:\/\/www.la-chirurgie-esthetique-maroc.com\/es\/prp-capilar\/#primaryimage","url":"https:\/\/www.la-chirurgie-esthetique-maroc.com\/wp-content\/uploads\/2022\/01\/header_medecin_-esthetique.webp","contentUrl":"https:\/\/www.la-chirurgie-esthetique-maroc.com\/wp-content\/uploads\/2022\/01\/header_medecin_-esthetique.webp","width":552,"height":612},{"@type":"BreadcrumbList","@id":"https:\/\/www.la-chirurgie-esthetique-maroc.com\/es\/prp-capilar\/#breadcrumb","itemListElement":[{"@type":"ListItem","position":1,"name":"Accueil","item":"https:\/\/www.la-chirurgie-esthetique-maroc.com\/es\/"},{"@type":"ListItem","position":2,"name":"PRP capilar Marruecos"}]},{"@type":"WebSite","@id":"https:\/\/www.la-chirurgie-esthetique-maroc.com\/es\/#website","url":"https:\/\/www.la-chirurgie-esthetique-maroc.com\/es\/","name":"Chirurgie esthetique Maroc","description":"","publisher":{"@id":"https:\/\/www.la-chirurgie-esthetique-maroc.com\/es\/#organization"},"potentialAction":[{"@type":"SearchAction","target":{"@type":"EntryPoint","urlTemplate":"https:\/\/www.la-chirurgie-esthetique-maroc.com\/es\/?s={search_term_string}"},"query-input":{"@type":"PropertyValueSpecification","valueRequired":true,"valueName":"search_term_string"}}],"inLanguage":"es"},{"@type":"Organization","@id":"https:\/\/www.la-chirurgie-esthetique-maroc.com\/es\/#organization","name":"Chirurgie esthetique Maroc","url":"https:\/\/www.la-chirurgie-esthetique-maroc.com\/es\/","logo":{"@type":"ImageObject","inLanguage":"es","@id":"https:\/\/www.la-chirurgie-esthetique-maroc.com\/es\/#\/schema\/logo\/image\/","url":"https:\/\/www.la-chirurgie-esthetique-maroc.com\/wp-content\/uploads\/2022\/01\/cem3.png","contentUrl":"https:\/\/www.la-chirurgie-esthetique-maroc.com\/wp-content\/uploads\/2022\/01\/cem3.png","width":125,"height":41,"caption":"Chirurgie esthetique Maroc"},"image":{"@id":"https:\/\/www.la-chirurgie-esthetique-maroc.com\/es\/#\/schema\/logo\/image\/"}}]}},"_links":{"self":[{"href":"https:\/\/www.la-chirurgie-esthetique-maroc.com\/es\/wp-json\/wp\/v2\/pages\/6935","targetHints":{"allow":["GET"]}}],"collection":[{"href":"https:\/\/www.la-chirurgie-esthetique-maroc.com\/es\/wp-json\/wp\/v2\/pages"}],"about":[{"href":"https:\/\/www.la-chirurgie-esthetique-maroc.com\/es\/wp-json\/wp\/v2\/types\/page"}],"author":[{"embeddable":true,"href":"https:\/\/www.la-chirurgie-esthetique-maroc.com\/es\/wp-json\/wp\/v2\/users\/2"}],"replies":[{"embeddable":true,"href":"https:\/\/www.la-chirurgie-esthetique-maroc.com\/es\/wp-json\/wp\/v2\/comments?post=6935"}],"version-history":[{"count":13,"href":"https:\/\/www.la-chirurgie-esthetique-maroc.com\/es\/wp-json\/wp\/v2\/pages\/6935\/revisions"}],"predecessor-version":[{"id":8503,"href":"https:\/\/www.la-chirurgie-esthetique-maroc.com\/es\/wp-json\/wp\/v2\/pages\/6935\/revisions\/8503"}],"wp:featuredmedia":[{"embeddable":true,"href":"https:\/\/www.la-chirurgie-esthetique-maroc.com\/es\/wp-json\/wp\/v2\/media\/6437"}],"wp:attachment":[{"href":"https:\/\/www.la-chirurgie-esthetique-maroc.com\/es\/wp-json\/wp\/v2\/media?parent=6935"}],"curies":[{"name":"wp","href":"https:\/\/api.w.org\/{rel}","templated":true}]}}