{"id":7750,"date":"2016-06-23T14:26:43","date_gmt":"2016-06-23T12:26:43","guid":{"rendered":"https:\/\/www.la-chirurgie-esthetique-maroc.com\/preco-da-rinoplastia-marrocos-vs-preco-da-rinoplastia-tunisia\/"},"modified":"2025-02-12T13:02:01","modified_gmt":"2025-02-12T12:02:01","slug":"rinoplastia","status":"publish","type":"page","link":"https:\/\/www.la-chirurgie-esthetique-maroc.com\/pt-pt\/rinoplastia\/","title":{"rendered":"Pre\u00e7o da rinoplastia Marrocos vs. pre\u00e7o da rinoplastia Tun\u00edsia"},"content":{"rendered":"\t\t<div data-elementor-type=\"wp-page\" data-elementor-id=\"7750\" class=\"elementor elementor-7750 elementor-31\">\n\t\t\t\t\t\t<section class=\"elementor-section elementor-top-section elementor-element elementor-element-3184720 elementor-section-boxed elementor-section-height-default elementor-section-height-default\" data-id=\"3184720\" data-element_type=\"section\">\n\t\t\t\t\t\t<div class=\"elementor-container elementor-column-gap-default\">\n\t\t\t\t\t<div class=\"elementor-column elementor-col-100 elementor-top-column elementor-element elementor-element-2487e70\" data-id=\"2487e70\" data-element_type=\"column\">\n\t\t\t<div class=\"elementor-widget-wrap elementor-element-populated\">\n\t\t\t\t\t\t<div class=\"elementor-element elementor-element-ebadff3 elementor-widget elementor-widget-text-editor\" data-id=\"ebadff3\" data-element_type=\"widget\" data-widget_type=\"text-editor.default\">\n\t\t\t\t<div class=\"elementor-widget-container\">\n\t\t\t\t\t\t\t\nA <strong>rinoplastia em Marrocos e na Tun\u00edsia <\/strong>\u00e9 uma cirurgia est\u00e9tica e reconstrutiva do rosto realizada na nossa cl\u00ednica. O objectivo \u00e9 modificar a forma do nariz para harmonia est\u00e9tica, pondo um fim aos problemas respirat\u00f3rios se estes existirem.\n\nA forma desejada do nariz pode ser obtida sem cicatrizes vis\u00edveis e com um aspecto natural que esteja em harmonia com a forma do rosto. As t\u00e9cnicas de cirurgia est\u00e9tica e reconstrutiva do nariz ou rinoplastia beneficiam da experi\u00eancia e dos conhecimentos aperfei\u00e7oados por uma longa pr\u00e1tica.\n\nPe\u00e7a o seu or\u00e7amento gratuito na nossa cl\u00ednica para comparar a nossa oferta de estadia m\u00e9dica com tudo inclu\u00eddo na Tun\u00edsia e as ofertas em Marrocos.\t\t\t\t\t\t<\/div>\n\t\t\t\t<\/div>\n\t\t\t\t\t<\/div>\n\t\t<\/div>\n\t\t\t\t\t<\/div>\n\t\t<\/section>\n\t\t\t\t<section class=\"elementor-section elementor-top-section elementor-element elementor-element-c002d06 elementor-section-boxed elementor-section-height-default elementor-section-height-default\" data-id=\"c002d06\" data-element_type=\"section\">\n\t\t\t\t\t\t<div class=\"elementor-container elementor-column-gap-default\">\n\t\t\t\t\t<div class=\"elementor-column elementor-col-66 elementor-top-column elementor-element elementor-element-05a6668\" data-id=\"05a6668\" data-element_type=\"column\">\n\t\t\t<div class=\"elementor-widget-wrap elementor-element-populated\">\n\t\t\t\t\t\t<div class=\"elementor-element elementor-element-b26cc4e elementor-widget elementor-widget-text-editor\" data-id=\"b26cc4e\" data-element_type=\"widget\" data-widget_type=\"text-editor.default\">\n\t\t\t\t<div class=\"elementor-widget-container\">\n\t\t\t\t\t\t\t<h2>Or\u00e7amento expresso gratuito<\/h2>\n<style>\r\n.whatsapp-button {\r\n    display: inline-block;\r\n    background-color: #25D366;\r\n    font-size: 16px;\r\n    font-weight: bold;\r\n    padding: 12px 20px;\r\n    text-align: center;\r\n    text-decoration: none;\r\n    border-radius: 5px;\r\n    box-shadow: 0 4px 6px rgba(0, 0, 0, 0.1);\r\n    transition: background-color 0.3s ease, transform 0.2s ease;\r\n    color: white!important;\r\n}\r\n\r\n.whatsapp-button:hover {\r\n    background-color: #1EBE54;\r\n    transform: translateY(-2px);\r\n}\r\n\r\n.whatsapp-button:active {\r\n    transform: translateY(0);\r\n}\r\n.align_center {\r\n    display: block;\r\n    text-align: center;\r\n    padding: 30px 0px;\r\n}\r\n<\/style>\r\n\r\n<div class=\"align_center\">\r\n\t<a href=\"https:\/\/api.whatsapp.com\/send?phone=+33635235712&#038;&#038;text=Ol\u00e1, gostaria de conhecer o vosso trabalho e os vossos pre\u00e7os!\"\r\n    class=\"whatsapp-button\" target=\"_blank\">\r\n     Clique aqui para obter um or\u00e7amento gratuito por Whatsapp\r\n<\/a>\r\n<\/div>\t\t\t\t\t\t<\/div>\n\t\t\t\t<\/div>\n\t\t\t\t\t<\/div>\n\t\t<\/div>\n\t\t\t\t<div class=\"elementor-column elementor-col-33 elementor-top-column elementor-element elementor-element-ab268c3\" data-id=\"ab268c3\" data-element_type=\"column\">\n\t\t\t<div class=\"elementor-widget-wrap elementor-element-populated\">\n\t\t\t\t\t\t<div class=\"elementor-element elementor-element-63f0e6f elementor-widget elementor-widget-image\" data-id=\"63f0e6f\" data-element_type=\"widget\" data-widget_type=\"image.default\">\n\t\t\t\t<div class=\"elementor-widget-container\">\n\t\t\t\t\t\t\t\t\t\t\t\t\t<img fetchpriority=\"high\" decoding=\"async\" width=\"508\" height=\"554\" src=\"https:\/\/www.la-chirurgie-esthetique-maroc.com\/wp-content\/uploads\/2022\/01\/la-chirurgie-esthetique-maroc_devis-1.webp\" class=\"attachment-large size-large wp-image-7559\" alt=\"\" srcset=\"https:\/\/www.la-chirurgie-esthetique-maroc.com\/wp-content\/uploads\/2022\/01\/la-chirurgie-esthetique-maroc_devis-1.webp 508w, https:\/\/www.la-chirurgie-esthetique-maroc.com\/wp-content\/uploads\/2022\/01\/la-chirurgie-esthetique-maroc_devis-1-275x300.webp 275w\" sizes=\"(max-width: 508px) 100vw, 508px\" \/>\t\t\t\t\t\t\t\t\t\t\t\t\t<\/div>\n\t\t\t\t<\/div>\n\t\t\t\t\t<\/div>\n\t\t<\/div>\n\t\t\t\t\t<\/div>\n\t\t<\/section>\n\t\t\t\t<section class=\"elementor-section elementor-top-section elementor-element elementor-element-290ad85 bg-color forme_1  elementor-section-boxed elementor-section-height-default elementor-section-height-default\" data-id=\"290ad85\" data-element_type=\"section\">\n\t\t\t\t\t\t<div class=\"elementor-container elementor-column-gap-default\">\n\t\t\t\t\t<div class=\"elementor-column elementor-col-100 elementor-top-column elementor-element elementor-element-65576d5\" data-id=\"65576d5\" data-element_type=\"column\">\n\t\t\t<div class=\"elementor-widget-wrap elementor-element-populated\">\n\t\t\t\t\t\t<div class=\"elementor-element elementor-element-34b56f2b elementor-widget elementor-widget-text-editor\" data-id=\"34b56f2b\" data-element_type=\"widget\" data-widget_type=\"text-editor.default\">\n\t\t\t\t<div class=\"elementor-widget-container\">\n\t\t\t\t\t\t\t<h2>Pre\u00e7os da rinoplastia Marrocos vs Tun\u00edsia<\/h2>\nSe procura o <strong>pre\u00e7o da rinoplastia de Marrocos<\/strong>, a nossa cl\u00ednica oferece os melhores pre\u00e7os para rinoplastia na Tun\u00edsia. Temos dois tipos de<strong>cirurgia ao nariz<\/strong> na nossa cl\u00ednica.\n\nA nossa taxa de rinoplastia \u00e9 a mais barata com uma estadia m\u00e9dica de 5 noites e 6 dias num hotel de luxo na Tun\u00edsia. Para mais detalhes sobre a sua cirurgia ao nariz, oferecemos um or\u00e7amento gratuito. Aqui est\u00e1 o pre\u00e7o com tudo inclu\u00eddo para a rinoplastia:\n\t\t\t\t\t\t<\/div>\n\t\t\t\t<\/div>\n\t\t\t\t<div class=\"elementor-element elementor-element-8b00d90 elementor-widget elementor-widget-text-editor\" data-id=\"8b00d90\" data-element_type=\"widget\" data-widget_type=\"text-editor.default\">\n\t\t\t\t<div class=\"elementor-widget-container\">\n\t\t\t\t\t\t\t<table class=\"table_home interne table_full\">\n<thead>\n<tr class=\"row-1 odd\" role=\"row\">\n<th class=\"column-1 sorting_disabled\" style=\"width: 290.062px;\" colspan=\"1\" rowspan=\"1\">Interven\u00e7\u00f5es<\/th>\n<th class=\"column-2 sorting_disabled\" style=\"width: 149.828px;\" colspan=\"1\" rowspan=\"1\">Pre\u00e7o Marrocos<\/th>\n<th class=\"column-3 sorting_disabled\" style=\"width: 218.359px;\" colspan=\"1\" rowspan=\"1\">Marrocos Ficar<\/th>\n<th class=\"column-4 sorting_disabled\" style=\"width: 161.125px;\" colspan=\"1\" rowspan=\"1\">Pre\u00e7o Tun\u00edsia<\/th>\n<th class=\"column-5 sorting_disabled\" style=\"width: 220.625px;\" colspan=\"1\" rowspan=\"1\">Permanecer na Tun\u00edsia<\/th>\n<\/tr>\n<\/thead>\n<tbody class=\"row-hover\">\n<tr class=\"row-2 even\">\n<td class=\"column-1\">Rinoplastia simples<\/td>\n<td class=\"column-2\">2800 \u20ac<\/td>\n<td class=\"column-3\">7 noites e 8 dias<\/td>\n<td class=\"column-4\">2000 \u20ac<\/td>\n<td class=\"column-5\">5 noites e 6 dias<\/td>\n<\/tr>\n<tr class=\"row-3 odd\">\n<td class=\"column-1\">Rinoplastia \u00e9tnica<\/td>\n<td class=\"column-2\">&#8211;<\/td>\n<td class=\"column-3\">&#8211;<\/td>\n<td class=\"column-4\">2350 \u20ac<\/td>\n<td class=\"column-5\">5 noites e 6 dias<\/td>\n<\/tr>\n<\/tbody>\n<\/table>\t\t\t\t\t\t<\/div>\n\t\t\t\t<\/div>\n\t\t\t\t<div class=\"elementor-element elementor-element-c90e9dd center elementor-widget elementor-widget-html\" data-id=\"c90e9dd\" data-element_type=\"widget\" data-widget_type=\"html.default\">\n\t\t\t\t<div class=\"elementor-widget-container\">\n\t\t\t<div class=\"btn_devis\"><a href=\"https:\/\/www.la-chirurgie-esthetique-maroc.com\/pt-pt\/citacao\/\"><span class=\"min-size-mobile\">Or\u00e7amento gratuito com toda a informa\u00e7\u00e3o sobre cirurgia ao nariz<\/span><\/a><\/div>\t\t<\/div>\n\t\t\t\t<\/div>\n\t\t\t\t\t<\/div>\n\t\t<\/div>\n\t\t\t\t\t<\/div>\n\t\t<\/section>\n\t\t\t\t<section class=\"elementor-section elementor-top-section elementor-element elementor-element-bea5cb0 elementor-section-boxed elementor-section-height-default elementor-section-height-default\" data-id=\"bea5cb0\" data-element_type=\"section\">\n\t\t\t\t\t\t<div class=\"elementor-container elementor-column-gap-default\">\n\t\t\t\t\t<div class=\"elementor-column elementor-col-100 elementor-top-column elementor-element elementor-element-7157784\" data-id=\"7157784\" data-element_type=\"column\">\n\t\t\t<div class=\"elementor-widget-wrap elementor-element-populated\">\n\t\t\t\t\t\t<div class=\"elementor-element elementor-element-fd2f0f7 elementor-widget elementor-widget-text-editor\" data-id=\"fd2f0f7\" data-element_type=\"widget\" data-widget_type=\"text-editor.default\">\n\t\t\t\t<div class=\"elementor-widget-container\">\n\t\t\t\t\t\t\t<h2>Procedimento de rinoplastia em Marrocos e Tun\u00edsia<\/h2>\nO nosso cirurgi\u00e3o ir\u00e1 sugerir e explicar todas as modifica\u00e7\u00f5es poss\u00edveis com a ajuda de simula\u00e7\u00f5es 3D. Um estudo minucioso da pir\u00e2mide nasal, bem como um exame endo-nasal e uma pl\u00e1stica ao nariz s\u00e3o realizados para determinar o \u00e2mbito da pl\u00e1stica ao nariz. Est\u00e1 prevista uma consulta com o anestesista para decidir sobre o tipo de anestesia (vigilante ou geral).\n\nO cirurgi\u00e3o adopta :\n<ul class=\"liste-page\">\n \t<li>Uma t\u00e9cnica fechada, incis\u00e3o a partir do interior das narinas<\/li>\n \t<li>Uma t\u00e9cnica aberta, incis\u00e3o a partir do exterior do nariz<\/li>\n<\/ul>\nO que ir\u00e1 decidir o tipo de t\u00e9cnica acima de tudo \u00e9 a anatomia do nariz. O procedimento cir\u00fargico envolve os mesmos procedimentos b\u00e1sicos de rinoplastia: incis\u00e3o, disseca\u00e7\u00e3o, rectifica\u00e7\u00e3o, sutura, curativo e splinting.\t\t\t\t\t\t<\/div>\n\t\t\t\t<\/div>\n\t\t\t\t\t<\/div>\n\t\t<\/div>\n\t\t\t\t\t<\/div>\n\t\t<\/section>\n\t\t\t\t<section class=\"elementor-section elementor-top-section elementor-element elementor-element-edad5ce elementor-section-boxed elementor-section-height-default elementor-section-height-default\" data-id=\"edad5ce\" data-element_type=\"section\">\n\t\t\t\t\t\t<div class=\"elementor-container elementor-column-gap-default\">\n\t\t\t\t\t<div class=\"elementor-column elementor-col-100 elementor-top-column elementor-element elementor-element-32b0c95\" data-id=\"32b0c95\" data-element_type=\"column\">\n\t\t\t<div class=\"elementor-widget-wrap elementor-element-populated\">\n\t\t\t\t\t\t<div class=\"elementor-element elementor-element-eac4662 elementor-widget elementor-widget-text-editor\" data-id=\"eac4662\" data-element_type=\"widget\" data-widget_type=\"text-editor.default\">\n\t\t\t\t<div class=\"elementor-widget-container\">\n\t\t\t\t\t\t\t<h2>Ao sair da sala de opera\u00e7\u00f5es ap\u00f3s a rinoplastia<\/h2>\nA presen\u00e7a de mechas ou drenos causa desconforto respirat\u00f3rio durante os primeiros dias. Sintomas p\u00f3s-operat\u00f3rios, tais como incha\u00e7o e hematomas resolvidos ap\u00f3s 20 dias de cirurgia. Ap\u00f3s confirma\u00e7\u00e3o por parte do cirurgi\u00e3o, pode ser previsto um regresso \u00e0 vida social e profissional.\n\nA nossa equipa m\u00e9dica e param\u00e9dica na nossa cl\u00ednica est\u00e1 qualificada para lhe garantir uma <strong>rinoplastia<\/strong> adequada. Contribui para uma melhoria das caracter\u00edsticas faciais que \u00e9 muito palp\u00e1vel ap\u00f3s 6 meses da opera\u00e7\u00e3o, mas que pode ser sentida imediatamente ap\u00f3s a opera\u00e7\u00e3o. Ap\u00f3s um ano, uma rinoplastia pode ser avaliada.\t\t\t\t\t\t<\/div>\n\t\t\t\t<\/div>\n\t\t\t\t\t<\/div>\n\t\t<\/div>\n\t\t\t\t\t<\/div>\n\t\t<\/section>\n\t\t\t\t<section class=\"elementor-section elementor-top-section elementor-element elementor-element-78984f2 elementor-section-boxed elementor-section-height-default elementor-section-height-default\" data-id=\"78984f2\" data-element_type=\"section\">\n\t\t\t\t\t\t<div class=\"elementor-container elementor-column-gap-default\">\n\t\t\t\t\t<div class=\"elementor-column elementor-col-100 elementor-top-column elementor-element elementor-element-0a95742\" data-id=\"0a95742\" data-element_type=\"column\">\n\t\t\t<div class=\"elementor-widget-wrap elementor-element-populated\">\n\t\t\t\t\t\t<div class=\"elementor-element elementor-element-0f9f9b8 center elementor-widget elementor-widget-html\" data-id=\"0f9f9b8\" data-element_type=\"widget\" data-widget_type=\"html.default\">\n\t\t\t\t<div class=\"elementor-widget-container\">\n\t\t\t<div class=\"btn_devis btn_intern\"><a href=\"https:\/\/www.la-chirurgie-esthetique-maroc.com\/pt-pt\/citacao\/\"><span>Or\u00e7amento gratuito<\/span><\/a><\/div>\t\t<\/div>\n\t\t\t\t<\/div>\n\t\t\t\t\t<\/div>\n\t\t<\/div>\n\t\t\t\t\t<\/div>\n\t\t<\/section>\n\t\t\t\t<\/div>\n\t\t","protected":false},"excerpt":{"rendered":"<p>A rinoplastia em Marrocos e na Tun\u00edsia \u00e9 uma cirurgia est\u00e9tica e reconstrutiva do rosto realizada na nossa cl\u00ednica. O objectivo \u00e9 modificar a forma do nariz para harmonia est\u00e9tica, pondo um fim aos problemas respirat\u00f3rios se estes existirem. A forma desejada do nariz pode ser obtida sem cicatrizes vis\u00edveis e com um aspecto natural [&hellip;]<\/p>\n","protected":false},"author":1,"featured_media":7566,"parent":0,"menu_order":0,"comment_status":"closed","ping_status":"closed","template":"","meta":{"footnotes":""},"class_list":["post-7750","page","type-page","status-publish","has-post-thumbnail","hentry"],"yoast_head":"<!-- This site is optimized with the Yoast SEO plugin v27.5 - https:\/\/yoast.com\/product\/yoast-seo-wordpress\/ -->\n<title>Rinoplastia Marrocos \u2600\ufe0f pre\u00e7os de cirurgia de nariz barato com estadia m\u00e9dica<\/title>\n<meta name=\"description\" content=\"Pre\u00e7o da rinoplastia Marrocos \u2705: cirurgia para remodelar a forma e o tamanho do nariz com uma estadia m\u00e9dica \u2b50 Pre\u00e7o barato com um or\u00e7amento gratuito.\" \/>\n<meta name=\"robots\" content=\"index, follow, max-snippet:-1, max-image-preview:large, max-video-preview:-1\" \/>\n<link rel=\"canonical\" href=\"https:\/\/www.la-chirurgie-esthetique-maroc.com\/pt-pt\/rinoplastia\/\" \/>\n<meta property=\"og:locale\" content=\"pt_PT\" \/>\n<meta property=\"og:type\" content=\"article\" \/>\n<meta property=\"og:title\" content=\"Rinoplastia Marrocos \u2600\ufe0f pre\u00e7os de cirurgia de nariz barato com estadia m\u00e9dica\" \/>\n<meta property=\"og:description\" content=\"Pre\u00e7o da rinoplastia Marrocos \u2705: cirurgia para remodelar a forma e o tamanho do nariz com uma estadia m\u00e9dica \u2b50 Pre\u00e7o barato com um or\u00e7amento gratuito.\" \/>\n<meta property=\"og:url\" content=\"https:\/\/www.la-chirurgie-esthetique-maroc.com\/pt-pt\/rinoplastia\/\" \/>\n<meta property=\"og:site_name\" content=\"Chirurgie esthetique Maroc\" \/>\n<meta property=\"article:modified_time\" content=\"2025-02-12T12:02:01+00:00\" \/>\n<meta property=\"og:image\" content=\"https:\/\/www.la-chirurgie-esthetique-maroc.com\/wp-content\/uploads\/2022\/01\/header_visage.webp\" \/>\n\t<meta property=\"og:image:width\" content=\"552\" \/>\n\t<meta property=\"og:image:height\" content=\"612\" \/>\n\t<meta property=\"og:image:type\" content=\"image\/webp\" \/>\n<meta name=\"twitter:card\" content=\"summary_large_image\" \/>\n<meta name=\"twitter:label1\" content=\"Tempo estimado de leitura\" \/>\n\t<meta name=\"twitter:data1\" content=\"3 minutos\" \/>\n<!-- \/ Yoast SEO plugin. -->","yoast_head_json":{"title":"Rinoplastia Marrocos \u2600\ufe0f pre\u00e7os de cirurgia de nariz barato com estadia m\u00e9dica","description":"Pre\u00e7o da rinoplastia Marrocos \u2705: cirurgia para remodelar a forma e o tamanho do nariz com uma estadia m\u00e9dica \u2b50 Pre\u00e7o barato com um or\u00e7amento gratuito.","robots":{"index":"index","follow":"follow","max-snippet":"max-snippet:-1","max-image-preview":"max-image-preview:large","max-video-preview":"max-video-preview:-1"},"canonical":"https:\/\/www.la-chirurgie-esthetique-maroc.com\/pt-pt\/rinoplastia\/","og_locale":"pt_PT","og_type":"article","og_title":"Rinoplastia Marrocos \u2600\ufe0f pre\u00e7os de cirurgia de nariz barato com estadia m\u00e9dica","og_description":"Pre\u00e7o da rinoplastia Marrocos \u2705: cirurgia para remodelar a forma e o tamanho do nariz com uma estadia m\u00e9dica \u2b50 Pre\u00e7o barato com um or\u00e7amento gratuito.","og_url":"https:\/\/www.la-chirurgie-esthetique-maroc.com\/pt-pt\/rinoplastia\/","og_site_name":"Chirurgie esthetique Maroc","article_modified_time":"2025-02-12T12:02:01+00:00","og_image":[{"width":552,"height":612,"url":"https:\/\/www.la-chirurgie-esthetique-maroc.com\/wp-content\/uploads\/2022\/01\/header_visage.webp","type":"image\/webp"}],"twitter_card":"summary_large_image","twitter_misc":{"Tempo estimado de leitura":"3 minutos"},"schema":{"@context":"https:\/\/schema.org","@graph":[{"@type":"WebPage","@id":"https:\/\/www.la-chirurgie-esthetique-maroc.com\/pt-pt\/rinoplastia\/","url":"https:\/\/www.la-chirurgie-esthetique-maroc.com\/pt-pt\/rinoplastia\/","name":"Rinoplastia Marrocos \u2600\ufe0f pre\u00e7os de cirurgia de nariz barato com estadia m\u00e9dica","isPartOf":{"@id":"https:\/\/www.la-chirurgie-esthetique-maroc.com\/pt-pt\/#website"},"primaryImageOfPage":{"@id":"https:\/\/www.la-chirurgie-esthetique-maroc.com\/pt-pt\/rinoplastia\/#primaryimage"},"image":{"@id":"https:\/\/www.la-chirurgie-esthetique-maroc.com\/pt-pt\/rinoplastia\/#primaryimage"},"thumbnailUrl":"https:\/\/www.la-chirurgie-esthetique-maroc.com\/wp-content\/uploads\/2022\/01\/header_visage.webp","datePublished":"2016-06-23T12:26:43+00:00","dateModified":"2025-02-12T12:02:01+00:00","description":"Pre\u00e7o da rinoplastia Marrocos \u2705: cirurgia para remodelar a forma e o tamanho do nariz com uma estadia m\u00e9dica \u2b50 Pre\u00e7o barato com um or\u00e7amento gratuito.","breadcrumb":{"@id":"https:\/\/www.la-chirurgie-esthetique-maroc.com\/pt-pt\/rinoplastia\/#breadcrumb"},"inLanguage":"pt-PT","potentialAction":[{"@type":"ReadAction","target":["https:\/\/www.la-chirurgie-esthetique-maroc.com\/pt-pt\/rinoplastia\/"]}]},{"@type":"ImageObject","inLanguage":"pt-PT","@id":"https:\/\/www.la-chirurgie-esthetique-maroc.com\/pt-pt\/rinoplastia\/#primaryimage","url":"https:\/\/www.la-chirurgie-esthetique-maroc.com\/wp-content\/uploads\/2022\/01\/header_visage.webp","contentUrl":"https:\/\/www.la-chirurgie-esthetique-maroc.com\/wp-content\/uploads\/2022\/01\/header_visage.webp","width":552,"height":612},{"@type":"BreadcrumbList","@id":"https:\/\/www.la-chirurgie-esthetique-maroc.com\/pt-pt\/rinoplastia\/#breadcrumb","itemListElement":[{"@type":"ListItem","position":1,"name":"Accueil","item":"https:\/\/www.la-chirurgie-esthetique-maroc.com\/pt-pt\/"},{"@type":"ListItem","position":2,"name":"Pre\u00e7o da rinoplastia Marrocos vs. pre\u00e7o da rinoplastia Tun\u00edsia"}]},{"@type":"WebSite","@id":"https:\/\/www.la-chirurgie-esthetique-maroc.com\/pt-pt\/#website","url":"https:\/\/www.la-chirurgie-esthetique-maroc.com\/pt-pt\/","name":"Chirurgie esthetique Maroc","description":"","publisher":{"@id":"https:\/\/www.la-chirurgie-esthetique-maroc.com\/pt-pt\/#organization"},"potentialAction":[{"@type":"SearchAction","target":{"@type":"EntryPoint","urlTemplate":"https:\/\/www.la-chirurgie-esthetique-maroc.com\/pt-pt\/?s={search_term_string}"},"query-input":{"@type":"PropertyValueSpecification","valueRequired":true,"valueName":"search_term_string"}}],"inLanguage":"pt-PT"},{"@type":"Organization","@id":"https:\/\/www.la-chirurgie-esthetique-maroc.com\/pt-pt\/#organization","name":"Chirurgie esthetique Maroc","url":"https:\/\/www.la-chirurgie-esthetique-maroc.com\/pt-pt\/","logo":{"@type":"ImageObject","inLanguage":"pt-PT","@id":"https:\/\/www.la-chirurgie-esthetique-maroc.com\/pt-pt\/#\/schema\/logo\/image\/","url":"https:\/\/www.la-chirurgie-esthetique-maroc.com\/wp-content\/uploads\/2022\/01\/cem3.png","contentUrl":"https:\/\/www.la-chirurgie-esthetique-maroc.com\/wp-content\/uploads\/2022\/01\/cem3.png","width":125,"height":41,"caption":"Chirurgie esthetique Maroc"},"image":{"@id":"https:\/\/www.la-chirurgie-esthetique-maroc.com\/pt-pt\/#\/schema\/logo\/image\/"}}]}},"_links":{"self":[{"href":"https:\/\/www.la-chirurgie-esthetique-maroc.com\/pt-pt\/wp-json\/wp\/v2\/pages\/7750","targetHints":{"allow":["GET"]}}],"collection":[{"href":"https:\/\/www.la-chirurgie-esthetique-maroc.com\/pt-pt\/wp-json\/wp\/v2\/pages"}],"about":[{"href":"https:\/\/www.la-chirurgie-esthetique-maroc.com\/pt-pt\/wp-json\/wp\/v2\/types\/page"}],"author":[{"embeddable":true,"href":"https:\/\/www.la-chirurgie-esthetique-maroc.com\/pt-pt\/wp-json\/wp\/v2\/users\/1"}],"replies":[{"embeddable":true,"href":"https:\/\/www.la-chirurgie-esthetique-maroc.com\/pt-pt\/wp-json\/wp\/v2\/comments?post=7750"}],"version-history":[{"count":10,"href":"https:\/\/www.la-chirurgie-esthetique-maroc.com\/pt-pt\/wp-json\/wp\/v2\/pages\/7750\/revisions"}],"predecessor-version":[{"id":9258,"href":"https:\/\/www.la-chirurgie-esthetique-maroc.com\/pt-pt\/wp-json\/wp\/v2\/pages\/7750\/revisions\/9258"}],"wp:featuredmedia":[{"embeddable":true,"href":"https:\/\/www.la-chirurgie-esthetique-maroc.com\/pt-pt\/wp-json\/wp\/v2\/media\/7566"}],"wp:attachment":[{"href":"https:\/\/www.la-chirurgie-esthetique-maroc.com\/pt-pt\/wp-json\/wp\/v2\/media?parent=7750"}],"curies":[{"name":"wp","href":"https:\/\/api.w.org\/{rel}","templated":true}]}}